{"id":549,"date":"2022-09-12T10:07:09","date_gmt":"2022-09-12T08:07:09","guid":{"rendered":"http:\/\/kongresfilozofiipolskiej.pl\/?page_id=549"},"modified":"2026-02-13T19:16:36","modified_gmt":"2026-02-13T18:16:36","slug":"program-kongresu-2022","status":"publish","type":"page","link":"http:\/\/kongresfilozofiipolskiej.pl\/index.php\/program-kongresu-2022\/","title":{"rendered":"Program II Kongresu"},"content":{"rendered":"<div class=\"et_pb_section_0 et_pb_section et_section_regular et_block_section\">\n<div class=\"et_pb_row_0 et_pb_row et_block_row\">\n<div class=\"et_pb_column_0 et_pb_column et_pb_column_2_3 et_block_column et_pb_css_mix_blend_mode_passthrough\">\n<div class=\"et_pb_text_0 et_pb_text et_pb_bg_layout_dark et_animated et_pb_module et_block_module\"><div class=\"et_pb_text_inner\"><h1><strong>Program II Kongresu Filozofii Polskiej (archiwalne)<br \/><\/strong><\/h1>\n<\/div><\/div>\n<\/div>\n\n<div class=\"et_pb_column_1 et_pb_column et_pb_column_1_3 et-last-child et_block_column et_pb_column_empty et_pb_css_mix_blend_mode_passthrough\"><\/div>\n<\/div>\n<\/div>\n\n<div class=\"et_pb_section_1 et_pb_section et_section_regular et_block_section\">\n<div class=\"et_pb_row_1 et_pb_row et_block_row\">\n<div class=\"et_pb_column_2 et_pb_column et_pb_column_4_4 et-last-child et_block_column et_pb_css_mix_blend_mode_passthrough\">\n<div class=\"et_pb_text_1 et_pb_text et_pb_bg_layout_light et_animated et_pb_module et_block_module\"><div class=\"et_pb_text_inner\"><p><strong>rganizatorzy Drugiego Kongresu Filozofii Polskiej zaplanowali nast\u0119puj\u0105ce sekcje tematyczne: <\/strong><\/p>\n<p><strong>\u00a0<\/strong>Sekcja Historii filozofii polskiej<\/p>\n<p>Sekcja Ontologii i Epistemologii<\/p>\n<p>Sekcja Filozofii Dziej\u00f3w i Filozofii Religii<\/p>\n<p>Sekcja Antropologii Filozoficznej i Etyki<\/p>\n<p>Sekcja Estetyki i Filozofii Kultury<\/p>\n<p>Sekcja Filozofii J\u0119zyka i Logiki<\/p>\n<p>Sekcja Doradztwo filozoficzne<\/p>\n<p>Sekcja angloj\u0119zyczna<\/p>\n<h1><strong><\/strong><strong>Program Ramowy Drugiego Kongresu Filozofii Polskiej<\/strong><\/h1>\n<p><strong>7 pa\u017adziernika 2022<\/strong><\/p>\n<p>15.00 \u2013 16.00 Przywitanie i rejestracja uczestnik\u00f3w, posi\u0142ek (pa\u0142ac w Orli)<\/p>\n<p>16.00 \u2013 17.15 Uroczyste otwarcie II Kongresu Filozofii Polskiej \u2013 Sala konferencyjna 1<\/p>\n<p>Wprowadzenie i prowadzenie \u2013 dr Piotr Le\u015bniak<\/p>\n<p>Przedstawienie Organizator\u00f3w Kongresu \u2013 prof. Grzegorz Francuz, UO<\/p>\n<p>\u201eEtos akademicki Szko\u0142y Lwowsko-Warszawskiej\u201d \u2013Wyk\u0142ad inauguracyjny \u2013<\/p>\n<p>prof. Anna Bro\u017cek, UW<\/p>\n<p>17.15 \u2013 17.30 Przerwa na kaw\u0119*<\/p>\n<p>17.30 \u2013 19.30 Wyst\u0105pienia plenarne \u2013 prowadzenie dr Piotr Le\u015bniak \u2013 Sala konferencyjna 1<\/p>\n<p>\u201eDemokracja liberalna jako problem\u201d \u2013<\/p>\n<p>prof. Bogdan Szlachta, UJ<\/p>\n<p>\u201eMetafizyczny fundament metapolityki J\u00f3zefa Marii Hoene Wro\u0144skiego\u201d \u2013<\/p>\n<p>prof. Jacek Bartyzel, UMK<\/p>\n<p>\u201eO ewolucyjno\u015bci\u201d \u2013<\/p>\n<p>prof. W. Julian Korab-Karpowicz, UO<\/p>\n<p>19:30 \u2013 20:00\u00a0 Przerwa na posi\u0142ek<\/p>\n<p>20.00 \u2013 21.00\u00a0 Przyj\u0119cie w pa\u0142acu \u2013 lampka wina* i rozmowy towarzyskie \u2013 Sala konferencyjna 2<\/p>\n<p><strong>\u00a08 pa\u017adziernika 2022<\/strong><\/p>\n<p>\u00a08.30 \u2013 10.00 \u00a0 Wyst\u0105pienia plenarne \u2013 prowadzenie prof. Janusz Maciaszek \u2013 Sala konferencyjna 1<\/p>\n<p>\u201eStanis\u0142aw Ossowski. Krytyka naturalizmu metodologicznego\u201d \u2013<\/p>\n<p>prof. Ryszard Kleszcz, U\u0141<\/p>\n<p>\u201eBoles\u0142aw Mici\u0144ski \u2013 my\u015blenie w \u017cywiole prawdy\u201d \u2013<\/p>\n<p>prof. Ryszard Zaj\u0105czkowski, KUL<\/p>\n<p>10.00 \u2013 10.30 Przerwa na kaw\u0119<\/p>\n<p>10.30 \u2013 12.00 Obrady w sekcjach (3)<\/p>\n<p>12.00 \u2013 12.30 Przerwa od\u015bwie\u017caj\u0105ca<\/p>\n<p>12.30 \u2013 14.00 Obrady w sekcjach (3)<\/p>\n<p>14.00 \u2013 15.00 Przerwa na posi\u0142ek<\/p>\n<p>15.00 \u2013 16.30 Obrady w sekcjach (3)<\/p>\n<p>16.30 \u2013 17.00 Przerwa na kaw\u0119<\/p>\n<p>17.00 \u2013 19.00 Wyst\u0105pienia plenarne \u2013 prowadzenie prof. Grzegorz Francuz \u2013 Sala konferencyjna 1<\/p>\n<p>\u201eStefania Wolicka-Arnd (1851-1937) - pierwsza Polka z doktoratem z filozofii\u201d \u2013<\/p>\n<p>prof. Lilianna Kiejzik, UZ\u00a0\u00a0\u00a0\u00a0<\/p>\n<p>\u201ePoszukiwanie nowego paradygmatu rozumienia cz\u0142owieka\u201d \u2013<\/p>\n<p>prof. Jan Wadowski, PWr\u00a0\u00a0\u00a0\u00a0\u00a0<\/p>\n<p>\u201eCz\u0142owiek w \u201efilozofii dramatu\u201d J\u00f3zefa Tischnera \u00a0\u2013<\/p>\n<p>prof. Witold Glinkowski, U\u0141<\/p>\n<p>19.00 \u2013 20.00 Przerwa na posi\u0142ek<\/p>\n<p>20.00 \u2013 21.00 Koncert \u201eMuzyka w pa\u0142acu\u201d i rozmowy towarzyskie \u2013 restauracja i sala konferencyjna 2<\/p>\n<p><strong>\u00a09 pa\u017adziernika 2022<\/strong><\/p>\n<p>8.15 \u2013 9.45 Wyst\u0105pienia plenarne \u2013 prowadzenie prof. W. Korab-Karpowicz \u2013 Sala konferencyjna 1<\/p>\n<p>\u201eHumanistyczne inspiracje w polskiej my\u015bli spo\u0142eczno-politycznej doby jagiello\u0144skiej\u201d \u2013<\/p>\n<p>prof. Wanda Bajor, KUL<\/p>\n<p>\u201ePolityka chrze\u015bcija\u0144ska wed\u0142ug Jana Paw\u0142a II (Karola Wojty\u0142y)\u201d \u2013<\/p>\n<p>dr Piotr Iwa\u0144ski, Klub Chrze\u015bcija\u0144sko-Demokratyczny<\/p>\n<p>\u00a0 9.45 \u2013 10.00 Przerwa na kaw\u0119<\/p>\n<p>10.00 \u2013 11.30 Obrady w sekcjach (3)<\/p>\n<p>11.30 \u2013 12.00 Zwolnienie pokoi<\/p>\n<p>12.00 \u2013 12.15 Przerwa od\u015bwie\u017caj\u0105ca<\/p>\n<p>12.15 \u2013 13.00 Podsumowanie i zako\u0144czenie Kongresu \u2013 sala konferencyjna 1<\/p>\n<p>* W przerwach na kaw\u0119 oraz przy lampce wina pocz\u0119stunek jest gratis.<\/p>\n<p>**Linki do uczestnictwa zdalnego w sesjach plenarnych i sekcjach zostan\u0105 wys\u0142ane do uczestnik\u00f3w emailem na tydzie\u0144 przez Kongresem.<\/p>\n<h1><strong>Plan spotka\u0144 w sekcjach<\/strong><\/h1>\n<h2><strong>Sekcja 1 <\/strong><strong>Historia filozofii polskiej<\/strong><\/h2>\n<p>Przewodnicz\u0105ca \u2013 dr hab. Wanda Bajor, prof. KUL<\/p>\n<p>\u00a0Referaty w Sali konferencyjnej nr 1 \u2013 dnia 8 pa\u017adziernika 2022 (sobota)<\/p>\n<p>godzina 10:30 \u2013 12:00 (3)\u00a0\u00a0\u00a0\u00a0\u00a0<\/p>\n<p>\u201eCzy w historii filozofii polskiej jest miejsce dla cudzoziemc\u00f3w? Przypadek Jana Henryka Abichta (1762-1816)\u201d \u2013 prof. dr hab. Tomasz Kup\u015b, UMK<\/p>\n<p>\u201eFilozofia dla bibliotekarzy i nie-bibliotekarzy \u2013 na \u0142amach przedwojennego czasopisma <em>Bibliotekarz<\/em>\u201d\u00a0 \u2013 dr hab. Zdzis\u0142aw G\u0119bo\u0142y\u015b, prof. UKW\u00a0<\/p>\n<p>\u201eRozum i wiara w neoscholastyce polskiej\u201d \u2013 ks dr hab. Rafa\u0142 Charzy\u0144ski, KUL<\/p>\n<p>\u00a0godzina 12:30 \u2013 14:00 (3)<\/p>\n<p>\u201eO. M. A. Kr\u0105piec OP \u2013 najwi\u0119kszy polski metafizyk? \u2013 dr Piotr Iwa\u0144ski, KCh-D\u00a0\u00a0\u00a0\u00a0\u00a0\u00a0\u00a0\u00a0\u00a0<\/p>\n<p>\u201eRzeczywisto\u015b\u0107 wg. J\u00f3zefa Hoene Wro\u0144skiego\u201d \u2013 dr in\u017c. J\u00f3zef Okulewicz, PW<\/p>\n<p>\u201eMo\u017cliwe i niemo\u017cliwe analogie. Filozofia Bronis\u0142awa Trentowskiego i Kitaro Nishidy\u201d \u2013<\/p>\n<p><span>dr Tadeusz Adam O\u017c\u00f3g, Doshisha University<\/span><\/p>\n<p>Referaty w pokoju nr 4 (albo wydzielone miejsce w Sali restauracyjnej) \u2013 dnia 8 pa\u017adziernika 2022<br \/>godzina 15:00 \u2013 16:30 (3)<\/p>\n<p>\u201ePedagogika opieku\u0144czo-wychowawcza Kazimierza Lisieckiego 'Dziadka'\u201d \u2013 mgr Bogus\u0142aw Homicki<\/p>\n<p>\u201eW\u0142adys\u0142aw Tatarkiewicz pomi\u0119dzy dobrem a szcz\u0119\u015bciem\u201d \u2013 mgr Adrian Habura, UZ<\/p>\n<p>\u201eHenryk Jakubanis (1879-1949) \u2013 historyk filozofii greckiej mi\u0119dzy Kijowem i Lublinem\u201d \u2013<br \/>mgr Mariam Sargsyan, UZ<\/p>\n<h2><strong><\/strong><strong>Sekcja 2 <\/strong><strong>Filozofia dziej\u00f3w i filozofii religii<\/strong><\/h2>\n<p>Przewodnicz\u0105cy \u2013 prof. dr hab. Jacek Bartyzel, UMK<\/p>\n<p>Referaty w pokoju nr 13 (albo wydzielone miejsce w Sali restauracyjnej) \u2013 dnia 8 pa\u017adziernika 2022 (sobota)<\/p>\n<p>godzina 10:30 \u2013 12:30 (4)<\/p>\n<p>\u201eIdea cywilizacyjnego pluralizmu Zygmunta Wasilewskiego\u201d \u2013 prof. Gra\u017cyna Szumera, U\u015a<\/p>\n<p>\u201eO upadku cywilizacji zachodniej raz jeszcze. Wojciecha Roszkowskiego przygoda z filozofi\u0105 dziej\u00f3w\u201d \u2013 dr Grzegorz Bednarczyk, UMCS\u00a0\u00a0\u00a0\u00a0\u00a0\u00a0\u00a0\u00a0\u00a0\u00a0\u00a0\u00a0\u00a0\u00a0\u00a0\u00a0\u00a0\u00a0\u00a0\u00a0\u00a0 .\u00a0\u00a0\u00a0\u00a0\u00a0\u00a0\u00a0\u00a0\u00a0\u00a0<\/p>\n<p>\u201eNiedocenione walory filozoficzne nauki o cywilizacjach Feliksa Konecznego\u201d \u2013<\/p>\n<p>dr Karol Petryszak, UPJPII<\/p>\n<p>\u201eAdam \u017b\u00f3\u0142towski jako polski filozof i powstaniec \u015bl\u0105ski 1921\u201d\u2013<\/p>\n<p>dr Anna Musio\u0142, U\u015a\u00a0\u00a0<\/p>\n<h2><strong>Sekcja 3 <\/strong><strong>Filozofia j\u0119zyka i logika<\/strong><\/h2>\n<p>Przewodnicz\u0105cy \u2013 dr hab. Janusz Maciaszek, prof. U\u0141<\/p>\n<p>Referaty w Sali konferencyjnej nr 2 \u2013 dnia 8 pa\u017adziernika 2020 (sobota)<br \/>godzina 10.30 \u2013 12.00 (3)<\/p>\n<p>\u201eNormatywny aspekt dzia\u0142ania we wczesnych pracach Tadeusza Kotarbi\u0144skiego\u201d \u2013<br \/>dr hab. Janusz Maciaszek, prof. U\u0141<\/p>\n<p>\u201eInterpretacja kombinacyjnej ontologiki modalnej Perzanowskiego w strukturach kratowych i topologicznych\u201d \u2013<br \/>dr hab. Janusz Kaczmarek, prof. U\u0141<\/p>\n<p>\u201eIndiscernibility - from the philosophy of Decio Krause to a new axiomatization of quasi-set theory\u201d \u2013<br \/>dr hab. Eliza Wajch, prof. UPH<\/p>\n<p>Referaty w wydzielonym miejscu w Sali restauracyjnej \u2013 dnia 8 pa\u017adziernika 2020 (sobota)<br \/>godzina 12.30 \u2013 14.00 (3)<\/p>\n<p>\u201eW sprawie typu logicznego logicznie rozumianych poj\u0119\u0107 og\u00f3lnych\u201d \u2013<br \/>dr hab. Adam Olech, prof. U\u0141<\/p>\n<p>\u201eHierarchie rachunk\u00f3w delikatnie toleruj\u0105cych sprzeczno\u015b\u0107\" \u2013<br \/>dr hab. Janusz Ciuciura, prof. U\u0141<\/p>\n<p>\u201eO definicji arbitralnej\u201d \u2013<br \/>dr hab. Marek Nowak, prof. U\u0141<\/p>\n<h2><strong>Sekcja 4 <\/strong><strong>Estetyka i filozofia kultury<\/strong><\/h2>\n<p>Przewodnicz\u0105cy \u2013 dr hab. J\u00f3zef Tarnowski, prof. UG<\/p>\n<p>\u00a0Referaty w Sali konferencyjnej nr 2 \u2013 dnia 8 pa\u017adziernika 2020 (sobota)<\/p>\n<p>\u00a0godzina 12:30 \u2013 14:00 (3)<\/p>\n<p>\u201eAdolf Basler \u2013 emisariusz prze\u0142omu antynaturalistycznego w polskiej estetyce i krytyce artystycznej\u201d \u2013 dr hab. J\u00f3zef Tarnowski, prof. UG\u00a0\u00a0\u00a0<\/p>\n<p>\u00a0\u201ePrzedmioty niekompletne i miejsca niedookre\u015blenia. Florian Znaniecki i Roman Ingarden o kulturze\u201d \u2013 dr hab. Mariola Kuszyk-Bytniewska, UMCS<\/p>\n<p>\u201eCzego nie b\u0119dziemy wiedzie\u0107 o Czystej Formie\u201d \u2013 dr Piotr Martin, UWr<\/p>\n<p>godzina 15:00 \u2013 16:30 (3)<\/p>\n<p>\u201eEstetyka sensu largo Marii Go\u0142aszewskiej a wsp\u00f3\u0142czesna estetyka codzienno\u015bci\u201d \u2013<\/p>\n<p>dr Monika Bokiniec, UG\u00a0\u00a0\u00a0\u00a0\u00a0\u00a0<\/p>\n<p>\u201eKoncepcja konkretyzacji estetycznej dzie\u0142a malarskiego wed\u0142ug Romana Ingardena\u201d \u2013<\/p>\n<p>Alicja Kajtanowska, UG<\/p>\n<p>\u201eKultura masowa w eseistyce Barbary Skargi\u201d \u2013<\/p>\n<p>mgr Pawe\u0142 Dziel, USz<\/p>\n<h2><strong>Sekcja 5 <\/strong><strong>Ontologia i epistemologia<\/strong><\/h2>\n<p>Przewodnicz\u0105cy \u2013 prof. dr hab. Ryszard Kleszcz, U\u0141<\/p>\n<p>\u00a0Referaty w Sali konferencyjnej nr 1 \u2013 dnia 8 pa\u017adziernika 2022 (sobota)<\/p>\n<p>\u00a0godzina 15:00 \u2013 16:30 (3)<\/p>\n<p>\u201eO epistemicznych i ontologicznych konsekwencjach \"skolemizacji\" j\u0119zyka\u201d \u2013<\/p>\n<ol>\n<li>dr hab. Wojciech Grygiel, prof. UPJPII<\/li>\n<\/ol>\n<p>\u201eIntuicja \u017cycia w filozofii Anny-Teresy Tymienieckiej w odniesieniu do intuicjonizmu Henryka Bergsona\u201d \u2013 \u00a0dr Magdalena Mruszczyk, U\u015a\u00a0\u00a0\u00a0\u00a0\u00a0\u00a0\u00a0\u00a0\u00a0\u00a0<\/p>\n<p>\u201eRecentywizm, wsp\u00f3\u0142czesna odmiana mistycyzmu\u201d \u2013<\/p>\n<p><span>Prof. William Auden, Metropolitan College of New York<\/span><\/p>\n<h2><strong>Sekcja 6 <\/strong><strong>Antropologia filozoficzna i etyka <\/strong><\/h2>\n<p>Przewodnicz\u0105cy \u2013 ks. dr hab. Wojciech Grygiel, prof. UPJPII<\/p>\n<p>Referaty w Sali konferencyjnej nr 1 \u2013 dnia 9 pa\u017adziernika 2022 (niedziela)<br \/>godzina 10.00 \u2013 12.00 (4)<\/p>\n<p>\u201eSzachownica warto\u015bci czyli etyka stosowana w wyborach \u017cycia codziennego\u201d \u2013<br \/>dr Justyna Stecko, PRz<\/p>\n<p>\u201eFenomen wiary wed\u0142ug Edyty Stein na przyk\u0142adzie wiersza Cypriana Norwida \u201eModlitwa\u201d\u201d \u2013<br \/>dr Rafa\u0142 Brasse, UZ<\/p>\n<p>\u201eTeodycea Faustyny Kowalskiej i Jana Paw\u0142a II\u201d \u2013<br \/>dr hab. Zbigniew Ka\u017amierczak<\/p>\n<p>\u201eO t\u2019agathon, czyli o dobru. Na podstawie Etyki Nikomachejskiej I 1 1094a 1-3 w interpretacji Petrycego z Pilzna\u201d \u2013 dr Maciej Smolak, UJ<\/p>\n<h2><strong>\u00a0<\/strong><strong>Sekcja 7 <\/strong><strong>Doradztwo filozoficzne<\/strong><\/h2>\n<p>Przewodnicz\u0105cy \u2013 dr hab. Grzegorz Francuz, prof. UO<br \/>Referaty w Sali konferencyjnej nr 2 \u2013 dnia 9 pa\u017adziernika 2022 (niedziela)<br \/>godzina 10:00 \u2013 12:00 (4)<br \/>\u201eO szkodliwo\u015bci pozytywnego my\u015blenia i wysokiej samooceny\u201d \u2013<br \/>dr hab. Grzegorz Francuz, prof. UO<br \/>\u201eFilozofia jako terapia leczenia uzale\u017cnie\u0144 od zabobonu\u201d \u2013<br \/>dr hab. Jan Franciszek Jacko, prof. UJ<br \/>\u201eDialog sokratejski w praktyce doradztwa filozoficznego\u201d \u2013 <br \/>dr Piotr Le\u015bniak, UO<br \/>\u201eIdea doradztwa filozoficznego w kontek\u015bcie filozofii polskiej \u2013 wybrane przyk\u0142ady\u201d \u2013<br \/>mgr Krystyna Bembennek<\/p>\n<h2><strong>Sekcja 8 <\/strong><strong>Sekcja angloj\u0119zyczna<\/strong><\/h2>\n<p>Przewodnicz\u0105cy \u2013 dr hab. W. Julian Korab-Karpowicz, UO<\/p>\n<p>\u00a0Referaty w pok. 4 \u2013 dnia 8 pa\u017adziernika 2022 (sobota)<\/p>\n<p>\u00a0<span>godzina 12:30 \u2013 14:00 (3)<\/span><\/p>\n<p><span>\u201eAn <\/span><span>Analysis of Iranian and Polish philosophy\u201d \u2013\u00a0 <\/span><\/p>\n<p><span>dr Mohammadreza Shahidipak, Assistant Professor, Azad University<\/span><\/p>\n<p><span>\u201eIgnace Meyerson\u2019s historical psychology: A method for approaching human diversity across time and culture\u201d \u2013 mgr Corentin Heusghem, U\u0141<\/span><\/p>\n<p><span>\u201eEvolutionity and Civilizational Advancement\u201d \u2013<\/span><\/p>\n<p><span>dr hab. <\/span>W. Julian Korab-Karpowicz, UO<\/p>\n<\/div><\/div>\n<\/div>\n<\/div>\n<\/div>","protected":false},"excerpt":{"rendered":"","protected":false},"author":1,"featured_media":0,"parent":0,"menu_order":0,"comment_status":"closed","ping_status":"closed","template":"","meta":{"footnotes":""},"class_list":["post-549","page","type-page","status-publish","hentry"],"_links":{"self":[{"href":"http:\/\/kongresfilozofiipolskiej.pl\/index.php\/wp-json\/wp\/v2\/pages\/549","targetHints":{"allow":["GET"]}}],"collection":[{"href":"http:\/\/kongresfilozofiipolskiej.pl\/index.php\/wp-json\/wp\/v2\/pages"}],"about":[{"href":"http:\/\/kongresfilozofiipolskiej.pl\/index.php\/wp-json\/wp\/v2\/types\/page"}],"author":[{"embeddable":true,"href":"http:\/\/kongresfilozofiipolskiej.pl\/index.php\/wp-json\/wp\/v2\/users\/1"}],"replies":[{"embeddable":true,"href":"http:\/\/kongresfilozofiipolskiej.pl\/index.php\/wp-json\/wp\/v2\/comments?post=549"}],"version-history":[{"count":13,"href":"http:\/\/kongresfilozofiipolskiej.pl\/index.php\/wp-json\/wp\/v2\/pages\/549\/revisions"}],"predecessor-version":[{"id":654,"href":"http:\/\/kongresfilozofiipolskiej.pl\/index.php\/wp-json\/wp\/v2\/pages\/549\/revisions\/654"}],"wp:attachment":[{"href":"http:\/\/kongresfilozofiipolskiej.pl\/index.php\/wp-json\/wp\/v2\/media?parent=549"}],"curies":[{"name":"wp","href":"https:\/\/api.w.org\/{rel}","templated":true}]}}