{"id":31,"date":"2019-12-30T23:00:25","date_gmt":"2019-12-30T22:00:25","guid":{"rendered":"http:\/\/kongresfilozofiipolskiej.pl\/?page_id=31"},"modified":"2026-02-14T10:26:23","modified_gmt":"2026-02-14T09:26:23","slug":"31-2","status":"publish","type":"page","link":"http:\/\/kongresfilozofiipolskiej.pl\/","title":{"rendered":"homepl"},"content":{"rendered":"<div class=\"et_pb_section_0 et_pb_section et_section_regular et_block_section\">\n<div class=\"et_pb_row_0 et_pb_row et_block_row\">\n<div class=\"et_pb_column_0 et_pb_column et_pb_column_1_2 et_block_column et_pb_css_mix_blend_mode_passthrough\">\n<div class=\"et_pb_text_0 et_pb_text et_pb_bg_layout_dark et_animated et_pb_module et_block_module\"><div class=\"et_pb_text_inner\"><h1>Czwarty Kongres Filozofii Polskiej<\/h1>\n<\/div><\/div>\n\n<div class=\"et_pb_text_1 et_pb_text et_pb_bg_layout_dark et_animated et_pb_module et_block_module\"><div class=\"et_pb_text_inner\"><p>OPOLE\/ORLA\/RYDZYNA 16-18.10.2026<\/p>\n<p><span style=\"font-size: xx-large;\">\u00a0<\/span><\/p>\n<\/div><\/div>\n\n<div class=\"et_pb_module et_pb_button_module_wrapper et_pb_button_0_wrapper\"><a class=\"et_pb_button_0 et_pb_button et_pb_bg_layout_light et_animated et_pb_module et_block_module\" href=\"http:\/\/kongresfilozofiipolskiej.pl\/index.php\/zglos-referat\/\" data-icon=\"$\">Zg\u0142o\u015b referat<\/a><\/div>\n<\/div>\n\n<div class=\"et_pb_column_1 et_pb_column et_pb_column_1_2 et-last-child et_block_column et_pb_column_empty et_pb_css_mix_blend_mode_passthrough\"><\/div>\n<\/div>\n<\/div>\n\n<div class=\"et_pb_section_1 et_pb_section et_section_regular et_block_section\">\n<div class=\"et_pb_row_1 et_pb_row et_flex_row\">\n<div class=\"et_pb_column_2 et_pb_column et_flex_column et_pb_css_mix_blend_mode_passthrough et_flex_column_8_24 et_flex_column_8_24_tablet et_flex_column_24_24_phone\">\n<div class=\"et_pb_text_2 et_pb_text et_pb_bg_layout_dark et_animated et_pb_module et_block_module et_pb_text_align_center\"><div class=\"et_pb_text_inner\"><h2>Idea Kongresu<\/h2>\n<\/div><\/div>\n\n<div class=\"et_pb_divider_0 et_pb_divider et_pb_space et_pb_divider_position_center et_animated et_pb_module\"><div class=\"et_pb_divider_internal\"><\/div><\/div>\n\n<div class=\"et_pb_text_3 et_pb_text et_pb_bg_layout_light et_animated et_pb_module et_block_module et_pb_text_align_center\"><div class=\"et_pb_text_inner\"><p>Filozofia jako d\u0105\u017cenie do wiedzy ca\u0142o\u015bciowej o rzeczywisto\u015bci, jest z za\u0142o\u017cenia refleksj\u0105 uniwersaln\u0105. Jednak\u017ce b\u0119d\u0105c dziedzin\u0105 kultury kszta\u0142towanej przez cz\u0142owieka i maj\u0105cej na niego wp\u0142yw, uwzgl\u0119dnia nie tylko nasze og\u00f3lnie potrzeby intelektualne, wsp\u00f3lne dla wszystkich kultur, ale tak\u017ce te, kt\u00f3re wynikaj\u0105 ze specyficznych do\u015bwiadcze\u0144 historycznych i innych czynnik\u00f3w. Dlatego te\u017c, tak jak istnieje polska literatura czy muzyka, kt\u00f3ra ukszta\u0142towa\u0142a si\u0119 jako co\u015b odr\u0119bnego w\u015br\u00f3d literatur i muzyk innych kraj\u00f3w, tak istnieje te\u017c polska filozofia, b\u0119d\u0105ca wytworem narodu polskiego i zrodzona oraz rozwini\u0119ta przez jego przedstawicieli. W wi\u0119kszym lub mniejszym stopniu, wyra\u017ca ona polski pogl\u0105d na \u015bwiat. Oparta jest na d\u0142ugiej historii, w kt\u00f3rej wykszta\u0142ci\u0142y si\u0119 specyficzne dla Polak\u00f3w idee, d\u0105\u017cenia i warto\u015bci. Stanowi wyraz bogactwa my\u015bli polskiej. Wyrasta ze \u015bwiadomo\u015bci odr\u0119bno\u015bci polskiej umys\u0142owo\u015bci. Jej najwi\u0119ksi przedstawiciele to mi\u0119dzy innymi J\u00f3zef M. Hoene-Wro\u0144ski (1778\u20131853), J\u00f3zef Go\u0142uchowski (1797\u20131858), Bronis\u0142aw Trentowski (1808\u20131869), Karol Libelt (1807\u20131875), August Cieszkowski (1814\u20131894), Kazimierz Twardowski (1866\u20131938), Wincenty Lutos\u0142awski (1863-1954), Kazimierz Ajdukiewicz (1890-1963), Roman Ingarden (1893-1970). Nale\u017cy przypomina\u0107 o jej tradycji, bada\u0107 j\u0105 sumienie, szuka\u0107 w niej inspiracji dla my\u015bli wsp\u00f3\u0142czesnej oraz dba\u0107, aby znalaz\u0142a nale\u017cne miejsce w dziejach filozofii \u015bwiatowej. Nale\u017cy podj\u0105\u0107 trud jej dalszego rozwoju.<\/p>\n<\/div><\/div>\n<\/div>\n\n<div class=\"et_pb_column_3 et_pb_column et_flex_column et_pb_css_mix_blend_mode_passthrough et_flex_column_8_24 et_flex_column_8_24_tablet et_flex_column_24_24_phone\">\n<div class=\"et_pb_text_4 et_pb_text et_pb_bg_layout_dark et_animated et_pb_module et_block_module et_pb_text_align_center\"><div class=\"et_pb_text_inner\"><h2>Zaproszenie<\/h2>\n<\/div><\/div>\n\n<div class=\"et_pb_divider_1 et_pb_divider et_pb_space et_pb_divider_position_center et_animated et_pb_module\"><div class=\"et_pb_divider_internal\"><\/div><\/div>\n\n<div class=\"et_pb_text_5 et_pb_text et_pb_bg_layout_light et_animated et_pb_module et_block_module et_pb_text_align_center\"><div class=\"et_pb_text_inner\"><p>Do uczestnictwa w Kongresie Filozofii Polskiej zapraszamy wszystkie osoby, kt\u00f3re zajmuj\u0105 si\u0119 filozofi\u0105 polsk\u0105, czy to zawodowo, czy te\u017c z zami\u0142owania. Zapraszamy pracownik\u00f3w naukowych i naukowo-dydaktycznych wy\u017cszych uczelni, doktorant\u00f3w i inne osoby. Warunkiem przedstawienia referatu jest uko\u0144czenie wy\u017cszych studi\u00f3w magisterskich z filozofii lub innej dziedziny oraz jego wst\u0119pna akceptacja.<\/p>\n<p>\u00a0Zg\u0142oszenia propozycji referat\u00f3w mo\u017cna wysy\u0142a\u0107 elektronicznie do dnia 31 sierpnia 2026.<\/p>\n<p>\u00a0Powinny one zawiera\u0107 kr\u00f3tki \u017cyciorys (do 50 s\u0142\u00f3w) oraz abstrakt (do 300 s\u0142\u00f3w). Abstrakt powinien zawiera\u0107 tezy wyst\u0105pienia. Decyzja o akceptacji nast\u0105pi w ci\u0105gu 30 dni od daty wys\u0142ania. Z uwagi na mi\u0119dzynarodowy charakter Kongresu zg\u0142oszenia przyjmowane s\u0105 po polsku i angielsku. S\u0142uchaczami wyk\u0142ad\u00f3w i referat\u00f3w w formie zdalnej mog\u0105 by\u0107 studenci i inne osoby, kt\u00f3re dokonaj\u0105 rejestracji. Kongres b\u0119dzie zorganizowany w formie hybrydowej, tj. cz\u0119\u015b\u0107 uczestnik\u00f3w, w szczeg\u00f3lno\u015bci tych z zagranicy, b\u0119dzie uczestniczy\u0142a w obradach na zasadzie zdalnej.<\/p>\n<\/div><\/div>\n\n<div class=\"et_pb_module et_pb_button_module_wrapper et_pb_button_1_wrapper\"><a class=\"et_pb_button_1 et_pb_button et_pb_bg_layout_light et_animated et_pb_module et_block_module\" href=\"http:\/\/kongresfilozofiipolskiej.pl\/index.php\/zglos-referat\/\" data-icon=\"$\">Zg\u0142o\u015b referat<\/a><\/div>\n\n<div class=\"et_pb_text_6 et_pb_text et_pb_bg_layout_light et_animated et_pb_module et_block_module et_pb_text_align_center\"><div class=\"et_pb_text_inner\"><p>15 lutego 2026 \u2013 rozpocz\u0119cie przyjmowania zg\u0142osze\u0144 oraz przyjmowania op\u0142at rejestracyjnych po wst\u0119pnej akceptacji referatu.<\/p>\n<p>31 sierpnia 2026 \u2013 ostateczny termin rejestracji elektronicznej i nadsy\u0142ania zg\u0142osze\u0144 uczestnictwa.<\/p>\n<p>10 wrze\u015bnia 2026 \u2013 ostateczny termin przesy\u0142ania decyzji dotycz\u0105cych przyj\u0119cia abstrakt\u00f3w.<\/p>\n<p>15 wrze\u015bnia 2026 \u2013 ostateczny termin przyjmowania op\u0142at rejestracyjnych przelewem.<\/p>\n<p>16-18 pa\u017adziernika 2026 \u2013 Czwarty Kongres Filozofii Polskiej<\/p>\n<\/div><\/div>\n<\/div>\n\n<div class=\"et_pb_column_4 et_pb_column et-last-child et_flex_column et_pb_css_mix_blend_mode_passthrough et_flex_column_8_24 et_flex_column_8_24_tablet et_flex_column_24_24_phone\">\n<div class=\"et_pb_text_7 et_pb_text et_pb_bg_layout_light et_animated et_pb_module et_block_module et_pb_text_align_center\"><div class=\"et_pb_text_inner\"><h2>Podstawowe informacje<\/h2>\n<\/div><\/div>\n\n<div class=\"et_pb_divider_2 et_pb_divider et_pb_space et_pb_divider_position_center et_animated et_pb_module\"><div class=\"et_pb_divider_internal\"><\/div><\/div>\n\n<div class=\"et_pb_text_8 et_pb_text et_pb_bg_layout_light et_animated et_pb_module et_block_module et_pb_text_align_center\"><div class=\"et_pb_text_inner\"><p><strong>\u00a0<\/strong><strong>Organizatorem<\/strong>\u00a0Kongresu jest Uniwersytet Opolski i Wy\u017csza Szko\u0142a Spo\u0142eczno-Ekonomiczna w Gda\u0144sku.<\/p>\n<p><strong>Miejscem<\/strong>\u00a0Kongresu jest Zamek Kr\u00f3lewski w Rydzynie ko\u0142o Leszna (oko\u0142o 100km na po\u0142udnie od Poznania). W zamku mamy do dyspozycji ponad 80 miejsc noclegowych w pokojach 1 i 2-osobowych oraz pi\u0119kne sale konferencyjne.<\/p>\n<p>Wystawiamy\u00a0<strong>za\u015bwiadczenia<\/strong>\u00a0o wyg\u0142oszeniu referatu na Kongresie oraz faktury za Faktury VAT za uczestnictwo \u2013 rejestracj\u0119 (nie obejmuj\u0105 one kolacji).<\/p>\n<p>W ramach\u00a0<strong>op\u0142aty rejestracyjnej<\/strong>\u00a0pokrywamy koszt niewielkiego posi\u0142ku w czasie trwania Kongresu, a tak\u017ce napoje \u2013 herbat\u0119 i kaw\u0119. Za kolacj\u0119 ka\u017cdy ch\u0119tny p\u0142aci osobno. W kosztach uj\u0119te s\u0105 te\u017c publikacje pokonferencyjne.<\/p>\n<p><strong>Przewidujemy publikacje wybranych referat\u00f3w.<\/strong>\u00a0Wybrane referaty w formie artyku\u0142\u00f3w poddanych recenzji uka\u017c\u0105 si\u0119 w wydaniu zbiorowym lub zostan\u0105 zarekomendowane do publikacji w czasopismach filozoficznych.<\/p>\n<p><strong>Op\u0142aty<\/strong>:<\/p>\n<p>Op\u0142ata rejestracyjna dla uczestnik\u00f3w z Polski (os\u00f3b z referatami) wynosi 300 z\u0142 (stacjonarnie) lub 250 z\u0142 (zdalnie)<\/p>\n<p>Op\u0142ata rejestracyjna dla uczestnik\u00f3w z zagranicy wynosi 70 Euro lub 80 USD (stacjonarnie i zdalnie), albo, w przypadku wp\u0142aty w z\u0142ot\u00f3wkach, taka sama jak dla uczestnik\u00f3w z Polski.<\/p>\n<p>Uczestnictwo zdalne dla s\u0142uchaczy (tych os\u00f3b, kt\u00f3re nie wyg\u0142aszaj\u0105 referat\u00f3w) jest wolne bez op\u0142at.<\/p>\n<p>Emeryci i doktoranci otrzymuj\u0105 50% zni\u017cki.<\/p>\n<p><strong>\u00a0<\/strong><strong>Numer konta:<\/strong><\/p>\n<p>Bank Ochrony \u015arodowiska<\/p>\n<p>SWIFT: EBOSPLPWXXX<\/p>\n<p>Konto w PLN: PL20 1540 1098 2324 5548 0424 0010<\/p>\n<p>Wy\u017csza Szko\u0142a Spo\u0142eczno-Ekonomiczna<\/p>\n<p>Rajska 6, 80-850 Gda\u0144sk<\/p>\n<p>W tytule wp\u0142aty nale\u017cy poda\u0107: \u201e<strong>Kongres Filozofii Polskiej \u2014 imi\u0119 nazwisko<\/strong>\u201d<\/p>\n<\/div><\/div>\n<\/div>\n<\/div>\n<\/div>\n\n<div class=\"et_pb_section_2 et_pb_section et_section_regular et_block_section\">\n<div class=\"et_pb_row_2 et_pb_row et_block_row\">\n<div class=\"et_pb_column_5 et_pb_column et_pb_column_4_4 et-last-child et_block_column et_pb_css_mix_blend_mode_passthrough\">\n<div class=\"et_pb_text_9 et_pb_text et_pb_bg_layout_light et_animated et_pb_module et_block_module\"><div class=\"et_pb_text_inner\"><h2>Sekcje tematyczne<\/h2>\n<\/div><\/div>\n\n<div class=\"et_pb_divider_3 et_pb_divider et_pb_space et_pb_divider_position_center et_animated et_pb_module\"><div class=\"et_pb_divider_internal\"><\/div><\/div>\n<\/div>\n<\/div>\n\n<div class=\"et_pb_row_3 et_pb_row et_block_row\">\n<div class=\"et_pb_column_6 et_pb_column et_pb_column_1_3 et_block_column et_pb_css_mix_blend_mode_passthrough\">\n<div class=\"et_pb_image_0 et_pb_image et_pb_module et_block_module\"><span class=\"et_pb_image_wrap\"><img loading=\"lazy\" decoding=\"async\" src=\"http:\/\/kongresfilozofiipolskiej.pl\/wp-content\/uploads\/2022\/07\/Image-3867.png\" width=\"400\" height=\"224\" srcset=\"http:\/\/kongresfilozofiipolskiej.pl\/wp-content\/uploads\/2022\/07\/Image-3867.png 400w, http:\/\/kongresfilozofiipolskiej.pl\/wp-content\/uploads\/2022\/07\/Image-3867-300x168.png 300w\" sizes=\"(max-width: 400px) 100vw, 400px\" class=\"wp-image-527\" title=\"Image-3867\" \/><\/span><\/div>\n\n<div class=\"et_pb_text_10 et_pb_text et_pb_bg_layout_light et_animated et_pb_module et_block_module et_pb_text_align_center\"><div class=\"et_pb_text_inner\"><h3>Ontologia i epistemologia<\/h3>\n<p>Przewodnicz\u0105cy<br \/>\u00a0<span>prof. dr hab. Ryszard Kleszcz, U\u0141<\/span><\/p>\n<p><a href=\"#\">szczeg\u00f3\u0142y<\/a><\/p>\n<\/div><\/div>\n<\/div>\n\n<div class=\"et_pb_column_7 et_pb_column et_pb_column_1_3 et_block_column et_pb_css_mix_blend_mode_passthrough\">\n<div class=\"et_pb_image_1 et_pb_image et_pb_module et_block_module\"><span class=\"et_pb_image_wrap\"><img loading=\"lazy\" decoding=\"async\" src=\"http:\/\/kongresfilozofiipolskiej.pl\/wp-content\/uploads\/2022\/07\/sss.png\" width=\"400\" height=\"225\" srcset=\"http:\/\/kongresfilozofiipolskiej.pl\/wp-content\/uploads\/2022\/07\/sss.png 400w, http:\/\/kongresfilozofiipolskiej.pl\/wp-content\/uploads\/2022\/07\/sss-300x169.png 300w\" sizes=\"(max-width: 400px) 100vw, 400px\" class=\"wp-image-539\" title=\"sss\" \/><\/span><\/div>\n\n<div class=\"et_pb_text_11 et_pb_text et_pb_bg_layout_light et_animated et_pb_module et_block_module et_pb_text_align_center\"><div class=\"et_pb_text_inner\"><h3>Filozofia polityczna\u00a0 i spo\u0142eczna<\/h3>\n<p><span>Przewodnicz\u0105cy<br \/> prof. dr hab. Bogdan Szlachta, UJ<\/span><\/p>\n<p><a href=\"#\">szczeg\u00f3\u0142y<\/a><\/p>\n<\/div><\/div>\n<\/div>\n\n<div class=\"et_pb_column_8 et_pb_column et_pb_column_1_3 et-last-child et_block_column et_pb_css_mix_blend_mode_passthrough\">\n<div class=\"et_pb_image_2 et_pb_image et_pb_module et_block_module\"><span class=\"et_pb_image_wrap\"><img loading=\"lazy\" decoding=\"async\" src=\"http:\/\/kongresfilozofiipolskiej.pl\/wp-content\/uploads\/2022\/07\/Image-3869-980x551-1.png\" width=\"400\" height=\"225\" srcset=\"http:\/\/kongresfilozofiipolskiej.pl\/wp-content\/uploads\/2022\/07\/Image-3869-980x551-1.png 400w, http:\/\/kongresfilozofiipolskiej.pl\/wp-content\/uploads\/2022\/07\/Image-3869-980x551-1-300x169.png 300w\" sizes=\"(max-width: 400px) 100vw, 400px\" class=\"wp-image-530\" title=\"Image-3869-980x551\" \/><\/span><\/div>\n\n<div class=\"et_pb_text_12 et_pb_text et_pb_bg_layout_light et_animated et_pb_module et_block_module et_pb_text_align_center\"><div class=\"et_pb_text_inner\"><h3>Filozofia Dziej\u00f3w i Filozofii Religii<\/h3>\n<p>Przewodnicz\u0105cy\u00a0<span>prof. dr hab. Jacek Bartyzel, UMK<\/span><\/p>\n<p><a href=\"#\">szczeg\u00f3\u0142y<\/a><\/p>\n<\/div><\/div>\n<\/div>\n<\/div>\n\n<div class=\"et_pb_row_4 et_pb_row et_block_row\">\n<div class=\"et_pb_column_9 et_pb_column et_pb_column_1_3 et_block_column et_pb_css_mix_blend_mode_passthrough\">\n<div class=\"et_pb_image_3 et_pb_image et_pb_module et_block_module\"><span class=\"et_pb_image_wrap\"><img loading=\"lazy\" decoding=\"async\" src=\"http:\/\/kongresfilozofiipolskiej.pl\/wp-content\/uploads\/2022\/07\/Image-3871-980x551-1.png\" width=\"400\" height=\"225\" srcset=\"http:\/\/kongresfilozofiipolskiej.pl\/wp-content\/uploads\/2022\/07\/Image-3871-980x551-1.png 400w, http:\/\/kongresfilozofiipolskiej.pl\/wp-content\/uploads\/2022\/07\/Image-3871-980x551-1-300x169.png 300w\" sizes=\"(max-width: 400px) 100vw, 400px\" class=\"wp-image-522\" title=\"Image-3871-980x551\" \/><\/span><\/div>\n\n<div class=\"et_pb_text_13 et_pb_text et_pb_bg_layout_light et_animated et_pb_module et_block_module et_pb_text_align_center\"><div class=\"et_pb_text_inner\"><h3>Antropologia filozoficzna i Etyka<\/h3>\n<p>Przewodnicz\u0105cy<br \/><span style=\"font-size: 13.5pt; font-family: Poppins; color: #666666;\">Dr hab. Witold Glinkowski, prof. U\u0141<\/span><o:p><\/o:p><\/p>\n<p><a href=\"#\">Szczeg\u00f3\u0142y<\/a><\/p>\n<\/div><\/div>\n<\/div>\n\n<div class=\"et_pb_column_10 et_pb_column et_pb_column_1_3 et_block_column et_pb_css_mix_blend_mode_passthrough\">\n<div class=\"et_pb_image_4 et_pb_image et_pb_module et_block_module\"><span class=\"et_pb_image_wrap\"><img loading=\"lazy\" decoding=\"async\" src=\"http:\/\/kongresfilozofiipolskiej.pl\/wp-content\/uploads\/2022\/07\/Image-3873.png\" width=\"400\" height=\"225\" srcset=\"http:\/\/kongresfilozofiipolskiej.pl\/wp-content\/uploads\/2022\/07\/Image-3873.png 400w, http:\/\/kongresfilozofiipolskiej.pl\/wp-content\/uploads\/2022\/07\/Image-3873-300x169.png 300w\" sizes=\"(max-width: 400px) 100vw, 400px\" class=\"wp-image-523\" title=\"Image-3873\" \/><\/span><\/div>\n\n<div class=\"et_pb_text_14 et_pb_text et_pb_bg_layout_light et_animated et_pb_module et_block_module et_pb_text_align_center\"><div class=\"et_pb_text_inner\"><h3>Estetyka i filozofia kultury<\/h3>\n<p><span>Przewodnicz\u0105cy<br \/><\/span>dr hab. J\u00f3zef Tarnowski, prof. UG<\/p>\n<p><a href=\"#\">szczeg\u00f3\u0142y<\/a><\/p>\n<\/div><\/div>\n<\/div>\n\n<div class=\"et_pb_column_11 et_pb_column et_pb_column_1_3 et-last-child et_block_column et_pb_css_mix_blend_mode_passthrough\">\n<div class=\"et_pb_image_5 et_pb_image et_pb_module et_block_module\"><span class=\"et_pb_image_wrap\"><img loading=\"lazy\" decoding=\"async\" src=\"http:\/\/kongresfilozofiipolskiej.pl\/wp-content\/uploads\/2022\/07\/IMG_20160331_184610-scaled-1.jpg\" width=\"400\" height=\"225\" srcset=\"http:\/\/kongresfilozofiipolskiej.pl\/wp-content\/uploads\/2022\/07\/IMG_20160331_184610-scaled-1.jpg 400w, http:\/\/kongresfilozofiipolskiej.pl\/wp-content\/uploads\/2022\/07\/IMG_20160331_184610-scaled-1-300x169.jpg 300w\" sizes=\"(max-width: 400px) 100vw, 400px\" class=\"wp-image-524\" title=\"IMG_20160331_184610-scaled\" \/><\/span><\/div>\n\n<div class=\"et_pb_text_15 et_pb_text et_pb_bg_layout_light et_animated et_pb_module et_block_module et_pb_text_align_center\"><div class=\"et_pb_text_inner\"><h3>Historii filozofii polskiej<\/h3>\n<p>Przewodnicz\u0105cy <br \/>prof. dr hab. Tomasz Kup\u015b, UMK<\/p>\n<p><span>\u00a0<\/span><\/p>\n<p><a href=\"#\">szczeg\u00f3\u0142y<\/a><\/p>\n<\/div><\/div>\n<\/div>\n<\/div>\n\n<div class=\"et_pb_row_5 et_pb_row et_block_row\">\n<div class=\"et_pb_column_12 et_pb_column et_pb_column_1_3 et_block_column et_pb_css_mix_blend_mode_passthrough\">\n<div class=\"et_pb_image_6 et_pb_image et_pb_module et_block_module\"><span class=\"et_pb_image_wrap\"><img loading=\"lazy\" decoding=\"async\" src=\"http:\/\/kongresfilozofiipolskiej.pl\/wp-content\/uploads\/2022\/07\/vvvvv-1.png\" width=\"400\" height=\"225\" srcset=\"http:\/\/kongresfilozofiipolskiej.pl\/wp-content\/uploads\/2022\/07\/vvvvv-1.png 400w, http:\/\/kongresfilozofiipolskiej.pl\/wp-content\/uploads\/2022\/07\/vvvvv-1-300x169.png 300w\" sizes=\"(max-width: 400px) 100vw, 400px\" class=\"wp-image-543\" title=\"vvvvv\" \/><\/span><\/div>\n\n<div class=\"et_pb_text_16 et_pb_text et_pb_bg_layout_light et_animated et_pb_module et_block_module et_pb_text_align_center\"><div class=\"et_pb_text_inner\"><h3>Filozofia j\u0119zyka i logika<\/h3>\n<p>Przewodnicz\u0105ca<\/p>\n<p>Dr hab. Eliza Wajch, prof. UPH<\/p>\n<p><a href=\"#\">szczeg\u00f3\u0142y<\/a><\/p>\n<\/div><\/div>\n<\/div>\n\n<div class=\"et_pb_column_13 et_pb_column et_pb_column_1_3 et_block_column et_pb_css_mix_blend_mode_passthrough\">\n<div class=\"et_pb_image_7 et_pb_image et_pb_module et_block_module\"><span class=\"et_pb_image_wrap\"><img loading=\"lazy\" decoding=\"async\" src=\"http:\/\/kongresfilozofiipolskiej.pl\/wp-content\/uploads\/2020\/01\/Image-3877.png\" width=\"633\" height=\"356\" srcset=\"http:\/\/kongresfilozofiipolskiej.pl\/wp-content\/uploads\/2020\/01\/Image-3877.png 633w, http:\/\/kongresfilozofiipolskiej.pl\/wp-content\/uploads\/2020\/01\/Image-3877-480x270.png 480w\" sizes=\"(min-width: 0px) and (max-width: 480px) 480px, (min-width: 481px) 633px, 100vw\" class=\"wp-image-103\" \/><\/span><\/div>\n\n<div class=\"et_pb_text_17 et_pb_text et_pb_bg_layout_light et_animated et_pb_module et_block_module et_pb_text_align_center\"><div class=\"et_pb_text_inner\"><h3>Sekcja angloj\u0119zyczna<\/h3>\n<p><span>Przewodnicz\u0105cy<br \/>dr hab. W. Julian Korab-Karpowicz, prof. em. UO<\/span><\/p>\n<p><a href=\"#\">szczeg\u00f3\u0142y<\/a><\/p>\n<\/div><\/div>\n<\/div>\n\n<div class=\"et_pb_column_14 et_pb_column et_pb_column_1_3 et-last-child et_block_column et_pb_css_mix_blend_mode_passthrough\">\n<div class=\"et_pb_image_8 et_pb_image et_pb_module et_block_module\"><span class=\"et_pb_image_wrap\"><img loading=\"lazy\" decoding=\"async\" src=\"http:\/\/kongresfilozofiipolskiej.pl\/wp-content\/uploads\/2020\/01\/Image-3867.png\" width=\"843\" height=\"473\" srcset=\"http:\/\/kongresfilozofiipolskiej.pl\/wp-content\/uploads\/2020\/01\/Image-3867.png 843w, http:\/\/kongresfilozofiipolskiej.pl\/wp-content\/uploads\/2020\/01\/Image-3867-480x269.png 480w\" sizes=\"(min-width: 0px) and (max-width: 480px) 480px, (min-width: 481px) 843px, 100vw\" class=\"wp-image-96\" title=\"Image 3867\" \/><\/span><\/div>\n\n<div class=\"et_pb_text_18 et_pb_text et_pb_bg_layout_light et_animated et_pb_module et_block_module et_pb_text_align_center\"><div class=\"et_pb_text_inner\"><h3>Doradztwo filozoficzne<\/h3>\n<p>Przewodnicz\u0105cy<br \/>dr hab. Grzegorz Francuz, prof. UO<\/p>\n<p><a href=\"#\">szczeg\u00f3\u0142y<\/a><\/p>\n<\/div><\/div>\n<\/div>\n<\/div>\n\n<div class=\"et_pb_row_6 et_pb_row et_block_row\">\n<div class=\"et_pb_column_15 et_pb_column et_pb_column_1_2 et_block_column et_pb_css_mix_blend_mode_passthrough\">\n<div class=\"et_pb_image_9 et_pb_image et_pb_module et_block_module\"><span class=\"et_pb_image_wrap\"><img loading=\"lazy\" decoding=\"async\" src=\"http:\/\/kongresfilozofiipolskiej.pl\/wp-content\/uploads\/2020\/01\/Image-3877.png\" width=\"633\" height=\"356\" srcset=\"http:\/\/kongresfilozofiipolskiej.pl\/wp-content\/uploads\/2020\/01\/Image-3877.png 633w, http:\/\/kongresfilozofiipolskiej.pl\/wp-content\/uploads\/2020\/01\/Image-3877-480x270.png 480w\" sizes=\"(min-width: 0px) and (max-width: 480px) 480px, (min-width: 481px) 633px, 100vw\" class=\"wp-image-103\" \/><\/span><\/div>\n\n<div class=\"et_pb_text_19 et_pb_text et_pb_bg_layout_light et_animated et_pb_module et_block_module et_pb_text_align_center\"><div class=\"et_pb_text_inner\"><h3>Kolokwium Filozofia Floriana Znanieckiego<\/h3>\n<p><a href=\"#\">szczeg\u00f3\u0142y<\/a><\/p>\n<\/div><\/div>\n<\/div>\n\n<div class=\"et_pb_column_16 et_pb_column et_pb_column_1_2 et-last-child et_block_column et_pb_css_mix_blend_mode_passthrough\">\n<div class=\"et_pb_image_10 et_pb_image et_pb_module et_block_module\"><span class=\"et_pb_image_wrap\"><img loading=\"lazy\" decoding=\"async\" src=\"http:\/\/kongresfilozofiipolskiej.pl\/wp-content\/uploads\/2020\/01\/Image-3877.png\" width=\"633\" height=\"356\" srcset=\"http:\/\/kongresfilozofiipolskiej.pl\/wp-content\/uploads\/2020\/01\/Image-3877.png 633w, http:\/\/kongresfilozofiipolskiej.pl\/wp-content\/uploads\/2020\/01\/Image-3877-480x270.png 480w\" sizes=\"(min-width: 0px) and (max-width: 480px) 480px, (min-width: 481px) 633px, 100vw\" class=\"wp-image-103\" \/><\/span><\/div>\n\n<div class=\"et_pb_text_20 et_pb_text et_pb_bg_layout_light et_animated et_pb_module et_block_module et_pb_text_align_center\"><div class=\"et_pb_text_inner\"><h3>Kolokwium Filozofia Anny Teresy Tymienieckiej<\/h3>\n<p><a href=\"#\">szczeg\u00f3\u0142y<\/a><\/p>\n<\/div><\/div>\n<\/div>\n<\/div>\n<\/div>\n\n<div class=\"et_pb_section_3 et_pb_section et_section_regular et_block_section\">\n<div class=\"et_pb_row_7 et_pb_row et_block_row\">\n<div class=\"et_pb_column_17 et_pb_column et_pb_column_1_2 et_block_column et_pb_css_mix_blend_mode_passthrough\">\n<div class=\"et_pb_text_21 et_pb_text et_pb_bg_layout_light et_animated et_pb_module et_block_module\"><div class=\"et_pb_text_inner\"><h2>Motto Kongresu\u00a0<\/h2>\n<p>&nbsp;<\/p>\n<\/div><\/div>\n\n<div class=\"et_pb_divider_4 et_pb_divider et_pb_space et_pb_divider_position_center et_animated et_pb_module\"><div class=\"et_pb_divider_internal\"><\/div><\/div>\n\n<div class=\"et_pb_blurb_0 et_pb_blurb et_pb_bg_layout_light et_pb_blurb_position_left et_pb_module et_block_module\"><div class=\"et_pb_blurb_content\"><div class=\"et_pb_main_blurb_image\"><span class=\"et_pb_image_wrap\"><span class=\"et-pb-icon et-waypoint et_pb_animation_top et_pb_animation_top_tablet et_pb_animation_top_phone\">{<\/span><\/span><\/div><div class=\"et_pb_blurb_container\"><\/div><\/div><\/div>\n\n<div class=\"et_pb_testimonial_0 et_pb_testimonial et_pb_icon_off et_pb_testimonial_no_image et_pb_bg_layout_light et_animated et_pb_module et_block_module\"><div class=\"et_pb_testimonial_inner\"><div class=\"et_pb_testimonial_description\"><div class=\"et_pb_testimonial_description_inner\"><div class=\"et_pb_testimonial_content\"><p><em>Cz\u0142owiek obdarzony rozumem jest zawsze wi\u0119cej wart ni\u017c miliony ludzi posiadaj\u0105cych tylko intelekt; ilekro\u0107 si\u0119 pojawi, jest on dla ludzko\u015bci \u015bwiat\u0142o nios\u0105cym Apollinem.<\/em><\/p>\n<p><strong><em>-Bronis\u0142aw Ferdynand Trentowski<\/em><\/strong><\/p>\n<p><strong><em><\/em><\/strong><\/p>\n<p><strong><em><\/em><\/strong><\/p>\n<p><strong><em><\/em><\/strong><\/p>\n<p><strong><em><\/em><\/strong><\/p>\n<p><strong><em><\/em><\/strong><\/p>\n<\/div><\/div><div class=\"et_pb_testimonial_meta\"><\/div><\/div><\/div><\/div>\n<\/div>\n\n<div class=\"et_pb_column_18 et_pb_column et_pb_column_1_2 et-last-child et_block_column et_pb_css_mix_blend_mode_passthrough\">\n<div class=\"et_pb_text_22 et_pb_text et_pb_bg_layout_light et_animated et_pb_module et_block_module\"><div class=\"et_pb_text_inner\"><h2>Pami\u0119\u0107 Ingardena<\/h2>\n<p>&nbsp;<\/p>\n<\/div><\/div>\n\n<div class=\"et_pb_divider_5 et_pb_divider et_pb_space et_pb_divider_position_center et_animated et_pb_module\"><div class=\"et_pb_divider_internal\"><\/div><\/div>\n\n<div class=\"et_pb_blurb_1 et_pb_blurb et_pb_bg_layout_light et_pb_blurb_position_left et_pb_module et_block_module\"><div class=\"et_pb_blurb_content\"><div class=\"et_pb_main_blurb_image\"><span class=\"et_pb_image_wrap\"><span class=\"et-pb-icon et-waypoint et_pb_animation_top et_pb_animation_top_tablet et_pb_animation_top_phone\">{<\/span><\/span><\/div><div class=\"et_pb_blurb_container\"><\/div><\/div><\/div>\n\n<div class=\"et_pb_testimonial_1 et_pb_testimonial et_pb_icon_off et_pb_testimonial_no_image et_pb_bg_layout_light et_animated et_pb_module et_block_module\"><div class=\"et_pb_testimonial_inner\"><div class=\"et_pb_testimonial_description\"><div class=\"et_pb_testimonial_description_inner\"><div class=\"et_pb_testimonial_content\"><p><em>Natura ludzka polega na nieustaj\u0105cym wysi\u0142ku przekraczania granic zwierz\u0119co\u015bci tkwi\u0105cej w cz\u0142owieku i wyrastania ponad ni\u0105 cz\u0142owiecze\u0144stwem i rol\u0105 cz\u0142owieka jako tw\u00f3rcy warto\u015bci.<\/em><\/p>\n<p><strong><em>- Roman Ingarden (1893-1970)<br \/><\/em><\/strong><\/p>\n<p><strong><em><\/em><\/strong><\/p>\n<p><strong><em><\/em><\/strong><\/p>\n<p><strong><em><\/em><\/strong><\/p>\n<\/div><\/div><div class=\"et_pb_testimonial_meta\"><\/div><\/div><\/div><\/div>\n<\/div>\n<\/div>\n<\/div>\n\n<div class=\"et_pb_section_4 et_pb_section et_section_regular et_block_section\">\n<div class=\"et_pb_row_8 et_pb_row et_block_row\">\n<div class=\"et_pb_column_19 et_pb_column et_pb_column_4_4 et-last-child et_block_column et_pb_css_mix_blend_mode_passthrough\">\n<div class=\"et_pb_text_23 et_pb_text et_pb_bg_layout_dark et_animated et_pb_module et_block_module\"><div class=\"et_pb_text_inner\"><h2>Organizatorzy<\/h2>\n<\/div><\/div>\n\n<div class=\"et_pb_divider_6 et_pb_divider et_pb_space et_pb_divider_position_center et_animated et_pb_module\"><div class=\"et_pb_divider_internal\"><\/div><\/div>\n<\/div>\n<\/div>\n\n<div class=\"et_pb_row_9 et_pb_row et_flex_row\">\n<div class=\"et_pb_column_20 et_pb_column et_flex_column et_pb_css_mix_blend_mode_passthrough et_flex_column_8_24 et_flex_column_8_24_tablet et_flex_column_24_24_phone\">\n<div class=\"et_pb_team_member_0 et_pb_team_member et_pb_bg_layout_dark et_pb_text_align_center et_animated et_pb_module et_block_module\"><div class=\"et_pb_team_member_image et-waypoint et_pb_animation_off\"><img loading=\"lazy\" decoding=\"async\" src=\"http:\/\/kongresfilozofiipolskiej.pl\/wp-content\/uploads\/2020\/01\/grzegorz1.jpg\" alt=\"Grzegorz Francuz\" width=\"600\" height=\"600\" srcset=\"http:\/\/kongresfilozofiipolskiej.pl\/wp-content\/uploads\/2020\/01\/grzegorz1.jpg 600w, http:\/\/kongresfilozofiipolskiej.pl\/wp-content\/uploads\/2020\/01\/grzegorz1-480x480.jpg 480w\" sizes=\"(min-width: 0px) and (max-width: 480px) 480px, (min-width: 481px) 600px, 100vw\" class=\"wp-image-71\" \/><\/div><div class=\"et_pb_team_member_description\"><h4 class=\"et_pb_module_header\">Grzegorz Francuz<\/h4><p class=\"et_pb_member_position\">Przewodnicz\u0105cy Komitetu Organizacyjnego<\/p><\/div><\/div>\n<\/div>\n\n<div class=\"et_pb_column_21 et_pb_column et_flex_column et_pb_css_mix_blend_mode_passthrough et_flex_column_8_24 et_flex_column_8_24_tablet et_flex_column_24_24_phone\">\n<div class=\"et_pb_team_member_1 et_pb_team_member et_pb_bg_layout_dark et_pb_text_align_center et_animated et_pb_module et_block_module\"><div class=\"et_pb_team_member_image et-waypoint et_pb_animation_off\"><img loading=\"lazy\" decoding=\"async\" src=\"http:\/\/kongresfilozofiipolskiej.pl\/wp-content\/uploads\/2020\/01\/Image-3860.png\" alt=\"W. Julian Korab-Karpowicz\" width=\"518\" height=\"518\" srcset=\"http:\/\/kongresfilozofiipolskiej.pl\/wp-content\/uploads\/2020\/01\/Image-3860.png 518w, http:\/\/kongresfilozofiipolskiej.pl\/wp-content\/uploads\/2020\/01\/Image-3860-480x480.png 480w\" sizes=\"(min-width: 0px) and (max-width: 480px) 480px, (min-width: 481px) 518px, 100vw\" class=\"wp-image-70\" \/><\/div><div class=\"et_pb_team_member_description\"><h4 class=\"et_pb_module_header\">W. Julian Korab-Karpowicz<\/h4><p class=\"et_pb_member_position\">Przewodnicz\u0105cy Rady Programowej<\/p><\/div><\/div>\n<\/div>\n\n<div class=\"et_pb_column_22 et_pb_column et_flex_column et_pb_css_mix_blend_mode_passthrough et_flex_column_8_24 et_flex_column_8_24_tablet et_flex_column_24_24_phone\">\n<div class=\"et_pb_team_member_2 et_pb_team_member et_pb_bg_layout_dark et_pb_text_align_center et_animated et_pb_module et_block_module\"><div class=\"et_pb_team_member_image et-waypoint et_pb_animation_off\"><img loading=\"lazy\" decoding=\"async\" src=\"http:\/\/kongresfilozofiipolskiej.pl\/wp-content\/uploads\/2022\/02\/Zdjecie-Justyna-Stecko-Kongres-2022-1.jpg\" alt=\"Justyna Stecko\" width=\"485\" height=\"485\" srcset=\"http:\/\/kongresfilozofiipolskiej.pl\/wp-content\/uploads\/2022\/02\/Zdjecie-Justyna-Stecko-Kongres-2022-1.jpg 485w, http:\/\/kongresfilozofiipolskiej.pl\/wp-content\/uploads\/2022\/02\/Zdjecie-Justyna-Stecko-Kongres-2022-1-480x480.jpg 480w\" sizes=\"(min-width: 0px) and (max-width: 480px) 480px, (min-width: 481px) 485px, 100vw\" class=\"wp-image-470\" \/><\/div><div class=\"et_pb_team_member_description\"><h4 class=\"et_pb_module_header\">Justyna Stecko<\/h4><p class=\"et_pb_member_position\">Wiceprzewodnicz\u0105ca Rady Programowej, Rzecznik prasowy<\/p><\/div><\/div>\n<\/div>\n\n<div class=\"et_pb_column_23 et_pb_column et_flex_column et_pb_css_mix_blend_mode_passthrough et_flex_column_8_24 et_flex_column_8_24_tablet et_flex_column_24_24_phone\">\n<div class=\"et_pb_team_member_3 et_pb_team_member et_pb_bg_layout_dark et_pb_text_align_center et_animated et_pb_module et_block_module\"><div class=\"et_pb_team_member_image et-waypoint et_pb_animation_off\"><img loading=\"lazy\" decoding=\"async\" src=\"http:\/\/kongresfilozofiipolskiej.pl\/wp-content\/uploads\/2020\/01\/Image-3862.png\" alt=\"Piotr Le\u015bniak\" width=\"378\" height=\"378\" srcset=\"http:\/\/kongresfilozofiipolskiej.pl\/wp-content\/uploads\/2020\/01\/Image-3862.png 378w, http:\/\/kongresfilozofiipolskiej.pl\/wp-content\/uploads\/2020\/01\/Image-3862-300x300.png 300w, http:\/\/kongresfilozofiipolskiej.pl\/wp-content\/uploads\/2020\/01\/Image-3862-150x150.png 150w\" sizes=\"(max-width: 378px) 100vw, 378px\" class=\"wp-image-73\" \/><\/div><div class=\"et_pb_team_member_description\"><h4 class=\"et_pb_module_header\">Piotr Le\u015bniak<\/h4><p class=\"et_pb_member_position\">Wiceprzewodnicz\u0105cy Komitetu Organizacyjnego<\/p><\/div><\/div>\n<\/div>\n\n<div class=\"et_pb_column_24 et_pb_column et-last-child et_flex_column et_pb_css_mix_blend_mode_passthrough et_flex_column_8_24 et_flex_column_8_24_tablet et_flex_column_24_24_phone\">\n<div class=\"et_pb_team_member_4 et_pb_team_member et_pb_bg_layout_dark et_pb_text_align_center et_animated et_pb_module et_block_module\"><div class=\"et_pb_team_member_image et-waypoint et_pb_animation_off\"><img loading=\"lazy\" decoding=\"async\" src=\"http:\/\/kongresfilozofiipolskiej.pl\/wp-content\/uploads\/2020\/01\/Image-3863.png\" alt=\"Marcin Pietrzak\" width=\"794\" height=\"794\" srcset=\"http:\/\/kongresfilozofiipolskiej.pl\/wp-content\/uploads\/2020\/01\/Image-3863.png 794w, http:\/\/kongresfilozofiipolskiej.pl\/wp-content\/uploads\/2020\/01\/Image-3863-480x480.png 480w\" sizes=\"(min-width: 0px) and (max-width: 480px) 480px, (min-width: 481px) 794px, 100vw\" class=\"wp-image-74\" \/><\/div><div class=\"et_pb_team_member_description\"><h4 class=\"et_pb_module_header\">Marcin Pietrzak<\/h4><p class=\"et_pb_member_position\">Wiceprzewodnicz\u0105cy Komitetu Organizacyjnego<\/p><\/div><\/div>\n<\/div>\n<\/div>\n<\/div>\n\n","protected":false},"excerpt":{"rendered":"","protected":false},"author":1,"featured_media":0,"parent":0,"menu_order":0,"comment_status":"closed","ping_status":"closed","template":"","meta":{"footnotes":""},"class_list":["post-31","page","type-page","status-publish","hentry"],"_links":{"self":[{"href":"http:\/\/kongresfilozofiipolskiej.pl\/index.php\/wp-json\/wp\/v2\/pages\/31","targetHints":{"allow":["GET"]}}],"collection":[{"href":"http:\/\/kongresfilozofiipolskiej.pl\/index.php\/wp-json\/wp\/v2\/pages"}],"about":[{"href":"http:\/\/kongresfilozofiipolskiej.pl\/index.php\/wp-json\/wp\/v2\/types\/page"}],"author":[{"embeddable":true,"href":"http:\/\/kongresfilozofiipolskiej.pl\/index.php\/wp-json\/wp\/v2\/users\/1"}],"replies":[{"embeddable":true,"href":"http:\/\/kongresfilozofiipolskiej.pl\/index.php\/wp-json\/wp\/v2\/comments?post=31"}],"version-history":[{"count":105,"href":"http:\/\/kongresfilozofiipolskiej.pl\/index.php\/wp-json\/wp\/v2\/pages\/31\/revisions"}],"predecessor-version":[{"id":656,"href":"http:\/\/kongresfilozofiipolskiej.pl\/index.php\/wp-json\/wp\/v2\/pages\/31\/revisions\/656"}],"wp:attachment":[{"href":"http:\/\/kongresfilozofiipolskiej.pl\/index.php\/wp-json\/wp\/v2\/media?parent=31"}],"curies":[{"name":"wp","href":"https:\/\/api.w.org\/{rel}","templated":true}]}}