{"id":110,"date":"2020-01-02T12:51:29","date_gmt":"2020-01-02T11:51:29","guid":{"rendered":"http:\/\/kongresfilozofiipolskiej.pl\/?page_id=110"},"modified":"2026-02-13T18:10:35","modified_gmt":"2026-02-13T17:10:35","slug":"110-2","status":"publish","type":"page","link":"http:\/\/kongresfilozofiipolskiej.pl\/index.php\/110-2\/","title":{"rendered":"homeeng"},"content":{"rendered":"<div class=\"et_pb_section_0 et_pb_section et_section_regular et_block_section\">\n<div class=\"et_pb_row_0 et_pb_row et_block_row\">\n<div class=\"et_pb_column_0 et_pb_column et_pb_column_1_2 et_block_column et_pb_css_mix_blend_mode_passthrough\">\n<div class=\"et_pb_text_0 et_pb_text et_pb_bg_layout_dark et_animated et_pb_module et_block_module\"><div class=\"et_pb_text_inner\"><h1><strong>The Fourth Congress on Polish Philosophy<\/strong><\/h1>\n<\/div><\/div>\n\n<div class=\"et_pb_text_1 et_pb_text et_pb_bg_layout_dark et_animated et_pb_module et_block_module\"><div class=\"et_pb_text_inner\"><h2>OPOLE \u2013 ORLA \u2013 RYDZYNA \u2013 16-18 OCTOBER 2026<\/h2>\n<\/div><\/div>\n\n<div class=\"et_pb_module et_pb_button_module_wrapper et_pb_button_0_wrapper\"><a class=\"et_pb_button_0 et_pb_button et_pb_bg_layout_light et_animated et_pb_module et_block_module\" href=\"http:\/\/kongresfilozofiipolskiej.pl\/index.php\/zglos-referat\/\" data-icon=\"$\">Register<\/a><\/div>\n<\/div>\n\n<div class=\"et_pb_column_1 et_pb_column et_pb_column_1_2 et-last-child et_block_column et_pb_column_empty et_pb_css_mix_blend_mode_passthrough\"><\/div>\n<\/div>\n<\/div>\n\n<div class=\"et_pb_section_1 et_pb_section et_section_regular et_block_section\">\n<div class=\"et_pb_row_1 et_pb_row et_pb_equal_columns et_pb_gutters1 et_block_row\">\n<div class=\"et_pb_column_2 et_pb_column et_pb_column_1_3 et_block_column et_pb_css_mix_blend_mode_passthrough\">\n<div class=\"et_pb_text_2 et_pb_text et_pb_bg_layout_dark et_animated et_pb_module et_block_module et_pb_text_align_center\"><div class=\"et_pb_text_inner\"><h2>The Idea<\/h2>\n<\/div><\/div>\n\n<div class=\"et_pb_divider_0 et_pb_divider et_pb_space et_pb_divider_position_center et_animated et_pb_module\"><div class=\"et_pb_divider_internal\"><\/div><\/div>\n\n<div class=\"et_pb_text_3 et_pb_text et_pb_bg_layout_light et_animated et_pb_module et_block_module et_pb_text_align_center\"><div class=\"et_pb_text_inner\"><p>Philosophy as a pursuit of holistic knowledge about reality is by definition a universal reflection. However, being a field of culture shaped by human beings and having an impact on them, it takes into account not only our general intellectual needs common to all cultures, but also those that result from specific historical experiences and other factors. Therefore, just as there is Polish literature or Polish music that has been formed as something separate from other literatures and musicals arts, there is also Polish philosophy, which is a product of the culture of Poland and has been born and developed by her representatives. To some extent, it expresses the Polish view of the world. It is based on the country\u2019s history during which ideas, aspirations and values specific to Poles have developed. It has grown out of the awareness of the uniqueness of the Polish mind. It is an expression of the wealth of Polish thought. Its greatest representatives are, among others, J\u00f3zef M. Hoene-Wro\u0144ski (1778\u20131853), J\u00f3zef Go\u0142uchowski (1797\u20131858), Bronislaw Trentowski (1808\u20131869), Karol Libelt (1807\u20131875), August Cieszkowski (1814\u20131894), Kazimierz Twardowski (1866\u20131938), Wincenty Lutoslawski (1863-1954), Kazimierz Ajdukiewicz (1890-1963) and Roman Ingarden (1893-1970). We should remember this unique philosophical tradition, examine it diligently, search for inspiration it may give us for our contemporary thought and make sure it finds the right place in the history of world philosophy. We should take the effort to promote its further development.<\/p>\n<\/div><\/div>\n<\/div>\n\n<div class=\"et_pb_column_3 et_pb_column et_pb_column_1_3 et_block_column et_pb_css_mix_blend_mode_passthrough\">\n<div class=\"et_pb_text_4 et_pb_text et_pb_bg_layout_dark et_animated et_pb_module et_block_module et_pb_text_align_center\"><div class=\"et_pb_text_inner\"><h2>Invitation<\/h2>\n<\/div><\/div>\n\n<div class=\"et_pb_divider_1 et_pb_divider et_pb_space et_pb_divider_position_center et_animated et_pb_module\"><div class=\"et_pb_divider_internal\"><\/div><\/div>\n\n<div class=\"et_pb_text_5 et_pb_text et_pb_bg_layout_light et_animated et_pb_module et_block_module et_pb_text_align_center\"><div class=\"et_pb_text_inner\"><p>To participate in our Congress on Polish Philosophy we invite all scholars who have either professional or private interest in Polish philosophy. Submission of paper proposals can be sent electronically until August 31, 2026. See link. They should contain a short biographic note (up to 50 words) and an abstract (up to 300 words). The abstract should include the main points of the presentation. An acceptance decision will be made within 30 days of the date of submission. We accept paper presentations in Polish and English. A registration prerequisite for a paper presentation is a master\u2019s degree in philosophy or in a related field. We also invite to our Congress students and other people who would like to participate online and just to listen to lectures and presentations. In 2024 the Congress will have a hybrid form. This means that some participants, including the section chairpersons, will be on site, and some, particularly international participants, will participate online.<\/p>\n<\/div><\/div>\n\n<div class=\"et_pb_module et_pb_button_module_wrapper et_pb_button_1_wrapper\"><a class=\"et_pb_button_1 et_pb_button et_pb_bg_layout_light et_animated et_pb_module et_block_module\" href=\"http:\/\/kongresfilozofiipolskiej.pl\/index.php\/zglos-referat\/\" data-icon=\"$\">Register<\/a><\/div>\n\n<div class=\"et_pb_text_6 et_pb_text et_pb_bg_layout_light et_animated et_pb_module et_block_module et_pb_text_align_center\"><div class=\"et_pb_text_inner\"><p><strong>Important dates:<\/strong><br \/>\u2022 15 January 2026 \u2013 starting date for registration and paper proposals, and for paying registration fees from participants after the initial acceptance of their papers.<br \/>\u2022 31 August 2026 \u2013 deadline for electronic registration and paper proposals.<br \/>\u2022 10 September 2026 \u2013 final date for sending paper acceptance decisions.<br \/>\u2022 15 September 2026 \u2013 final date for accepting registration fees by bank transfer.<br \/>\u2022 7-10 October 2026 \u2013 The Fourth Congress on Polish Philosophy<\/p>\n<\/div><\/div>\n<\/div>\n\n<div class=\"et_pb_column_4 et_pb_column et_pb_column_1_3 et-last-child et_block_column et_pb_css_mix_blend_mode_passthrough\">\n<div class=\"et_pb_text_7 et_pb_text et_pb_bg_layout_light et_animated et_pb_module et_block_module et_pb_text_align_center\"><div class=\"et_pb_text_inner\"><h2>Practical matters<\/h2>\n<\/div><\/div>\n\n<div class=\"et_pb_divider_2 et_pb_divider et_pb_space et_pb_divider_position_center et_animated et_pb_module\"><div class=\"et_pb_divider_internal\"><\/div><\/div>\n\n<div class=\"et_pb_text_8 et_pb_text et_pb_bg_layout_light et_animated et_pb_module et_block_module et_pb_text_align_center\"><div class=\"et_pb_text_inner\"><p>The organizers of the Congress are the University of Opole and the Gda\u0144sk Social and Economics University.<br \/>Our Congress will take place in the Royal Castle of Rydzyna near Leszno (about 100km south of Poznan).<\/p>\n<p>We issue certificates confirming participation in the on Congress and issue invoices for registration fees.<br \/>The registration fee includes the cost of small meals during the Congress, as well as of drinks - tea and coffee. The cost of dinner and of stay are not included. Each person who wants to participate in a dinner should pay for it separately.<br \/>We anticipate the publication of selected papers. Selected papers in the form of reviewed articles will appear in a collective edition or will be recommended for publication in philosophical journals.<\/p>\n<p>The Congress participants will book their own accommodation, but we can help you. We have about 40 single and double rooms available in the Rydzyna Castle.<\/p>\n<p><strong>Fees<\/strong>:<br \/>The registration fee for participants presenting papers and paying in Polish currency is 300 PLN (on site) or 250 PLN (online).<\/p>\n<p>The registration fee for participants from abroad presenting papers onsite or online is 70 Euro or 80 USD.<\/p>\n<p>Participation online is free for listeners (those who do not present papers).<\/p>\n<p><strong>Account Number<\/strong><\/p>\n<p>Bank Ochrony \u015arodowiska<\/p>\n<p>\u00a0SWIFT: EBOSPLPWXXX<\/p>\n<p>\u00a0Account: PL20 1540 1098 2324 5548 0424 0010<\/p>\n<p>Wy\u017csza Szko\u0142a Spo\u0142eczno-Ekonomiczna<\/p>\n<ol>\n<li>Rajska 6, 80-850 Gda\u0144sk, Polanf<\/li>\n<\/ol>\n<p>Payment Title: \"Kongres Filozofii Polskiej \u2013 name and surname\"<\/p>\n<p><strong>\u00a0<\/strong><strong>Accommodation<\/strong><br \/>The Congress participants will book their own accommodation.<\/p>\n<\/div><\/div>\n<\/div>\n<\/div>\n<\/div>\n\n<div class=\"et_pb_section_2 et_pb_section et_section_regular et_block_section\">\n<div class=\"et_pb_row_2 et_pb_row et_block_row\">\n<div class=\"et_pb_column_5 et_pb_column et_pb_column_4_4 et-last-child et_block_column et_pb_css_mix_blend_mode_passthrough\">\n<div class=\"et_pb_text_9 et_pb_text et_pb_bg_layout_light et_animated et_pb_module et_block_module\"><div class=\"et_pb_text_inner\"><h2>Thematic sections for paper presentations<\/h2>\n<\/div><\/div>\n\n<div class=\"et_pb_divider_3 et_pb_divider et_pb_space et_pb_divider_position_center et_animated et_pb_module\"><div class=\"et_pb_divider_internal\"><\/div><\/div>\n<\/div>\n<\/div>\n\n<div class=\"et_pb_row_3 et_pb_row et_block_row\">\n<div class=\"et_pb_column_6 et_pb_column et_pb_column_1_3 et_block_column et_pb_css_mix_blend_mode_passthrough\">\n<div class=\"et_pb_image_0 et_pb_image et_pb_module et_block_module\"><span class=\"et_pb_image_wrap\"><img loading=\"lazy\" decoding=\"async\" src=\"http:\/\/kongresfilozofiipolskiej.pl\/wp-content\/uploads\/2020\/01\/Image-3867.png\" width=\"843\" height=\"473\" srcset=\"http:\/\/kongresfilozofiipolskiej.pl\/wp-content\/uploads\/2020\/01\/Image-3867.png 843w, http:\/\/kongresfilozofiipolskiej.pl\/wp-content\/uploads\/2020\/01\/Image-3867-480x269.png 480w\" sizes=\"(min-width: 0px) and (max-width: 480px) 480px, (min-width: 481px) 843px, 100vw\" class=\"wp-image-96\" \/><\/span><\/div>\n\n<div class=\"et_pb_text_10 et_pb_text et_pb_bg_layout_light et_animated et_pb_module et_block_module et_pb_text_align_center\"><div class=\"et_pb_text_inner\"><h3>Ontology and Epistemology<\/h3>\n<p>\u00a0<a href=\"#\">View Details<\/a><\/p>\n<\/div><\/div>\n<\/div>\n\n<div class=\"et_pb_column_7 et_pb_column et_pb_column_1_3 et_block_column et_pb_css_mix_blend_mode_passthrough\">\n<div class=\"et_pb_image_1 et_pb_image et_pb_module et_block_module\"><span class=\"et_pb_image_wrap\"><img loading=\"lazy\" decoding=\"async\" src=\"http:\/\/kongresfilozofiipolskiej.pl\/wp-content\/uploads\/2020\/01\/Image-3866.png\" width=\"1149\" height=\"645\" srcset=\"http:\/\/kongresfilozofiipolskiej.pl\/wp-content\/uploads\/2020\/01\/Image-3866.png 1149w, http:\/\/kongresfilozofiipolskiej.pl\/wp-content\/uploads\/2020\/01\/Image-3866-980x550.png 980w, http:\/\/kongresfilozofiipolskiej.pl\/wp-content\/uploads\/2020\/01\/Image-3866-480x269.png 480w\" sizes=\"(min-width: 0px) and (max-width: 480px) 480px, (min-width: 481px) and (max-width: 980px) 980px, (min-width: 981px) 1149px, 100vw\" class=\"wp-image-95\" \/><\/span><\/div>\n\n<div class=\"et_pb_text_11 et_pb_text et_pb_bg_layout_light et_animated et_pb_module et_block_module et_pb_text_align_center\"><div class=\"et_pb_text_inner\"><h3>Political and Social Philosophy<\/h3>\n<p>\u00a0<a href=\"#\">View Details<\/a><\/p>\n<\/div><\/div>\n<\/div>\n\n<div class=\"et_pb_column_8 et_pb_column et_pb_column_1_3 et-last-child et_block_column et_pb_css_mix_blend_mode_passthrough\">\n<div class=\"et_pb_image_2 et_pb_image et_pb_module et_block_module\"><span class=\"et_pb_image_wrap\"><img loading=\"lazy\" decoding=\"async\" src=\"http:\/\/kongresfilozofiipolskiej.pl\/wp-content\/uploads\/2020\/01\/Image-3869.png\" width=\"1075\" height=\"604\" srcset=\"http:\/\/kongresfilozofiipolskiej.pl\/wp-content\/uploads\/2020\/01\/Image-3869.png 1075w, http:\/\/kongresfilozofiipolskiej.pl\/wp-content\/uploads\/2020\/01\/Image-3869-980x551.png 980w, http:\/\/kongresfilozofiipolskiej.pl\/wp-content\/uploads\/2020\/01\/Image-3869-480x270.png 480w\" sizes=\"(min-width: 0px) and (max-width: 480px) 480px, (min-width: 481px) and (max-width: 980px) 980px, (min-width: 981px) 1075px, 100vw\" class=\"wp-image-97\" \/><\/span><\/div>\n\n<div class=\"et_pb_text_12 et_pb_text et_pb_bg_layout_light et_animated et_pb_module et_block_module et_pb_text_align_center\"><div class=\"et_pb_text_inner\"><h3>The Philosophy of History and the Philosophy of Religion<\/h3>\n<p><a href=\"#\">View Details<\/a><\/p>\n<\/div><\/div>\n<\/div>\n<\/div>\n\n<div class=\"et_pb_row_4 et_pb_row et_block_row\">\n<div class=\"et_pb_column_9 et_pb_column et_pb_column_1_3 et_block_column et_pb_css_mix_blend_mode_passthrough\">\n<div class=\"et_pb_image_3 et_pb_image et_pb_module et_block_module\"><span class=\"et_pb_image_wrap\"><img loading=\"lazy\" decoding=\"async\" src=\"http:\/\/kongresfilozofiipolskiej.pl\/wp-content\/uploads\/2020\/01\/Image-3871.png\" width=\"1093\" height=\"614\" srcset=\"http:\/\/kongresfilozofiipolskiej.pl\/wp-content\/uploads\/2020\/01\/Image-3871.png 1093w, http:\/\/kongresfilozofiipolskiej.pl\/wp-content\/uploads\/2020\/01\/Image-3871-980x551.png 980w, http:\/\/kongresfilozofiipolskiej.pl\/wp-content\/uploads\/2020\/01\/Image-3871-480x270.png 480w\" sizes=\"(min-width: 0px) and (max-width: 480px) 480px, (min-width: 481px) and (max-width: 980px) 980px, (min-width: 981px) 1093px, 100vw\" class=\"wp-image-100\" \/><\/span><\/div>\n\n<div class=\"et_pb_text_13 et_pb_text et_pb_bg_layout_light et_animated et_pb_module et_block_module et_pb_text_align_center\"><div class=\"et_pb_text_inner\"><h3>Philosophical Anthropology and Ethics<\/h3>\n<p><a href=\"#\">View Details<\/a><\/p>\n<\/div><\/div>\n<\/div>\n\n<div class=\"et_pb_column_10 et_pb_column et_pb_column_1_3 et_block_column et_pb_css_mix_blend_mode_passthrough\">\n<div class=\"et_pb_image_4 et_pb_image et_pb_module et_block_module\"><span class=\"et_pb_image_wrap\"><img loading=\"lazy\" decoding=\"async\" src=\"http:\/\/kongresfilozofiipolskiej.pl\/wp-content\/uploads\/2020\/01\/Image-3873.png\" width=\"1116\" height=\"627\" srcset=\"http:\/\/kongresfilozofiipolskiej.pl\/wp-content\/uploads\/2020\/01\/Image-3873.png 1116w, http:\/\/kongresfilozofiipolskiej.pl\/wp-content\/uploads\/2020\/01\/Image-3873-980x551.png 980w, http:\/\/kongresfilozofiipolskiej.pl\/wp-content\/uploads\/2020\/01\/Image-3873-480x270.png 480w\" sizes=\"(min-width: 0px) and (max-width: 480px) 480px, (min-width: 481px) and (max-width: 980px) 980px, (min-width: 981px) 1116px, 100vw\" class=\"wp-image-101\" \/><\/span><\/div>\n\n<div class=\"et_pb_text_14 et_pb_text et_pb_bg_layout_light et_animated et_pb_module et_block_module et_pb_text_align_center\"><div class=\"et_pb_text_inner\"><h3>Aesthetics and the Philosophy of Culture<\/h3>\n<p>\u00a0<a href=\"#\">View Details<\/a><\/p>\n<\/div><\/div>\n<\/div>\n\n<div class=\"et_pb_column_11 et_pb_column et_pb_column_1_3 et-last-child et_block_column et_pb_css_mix_blend_mode_passthrough\">\n<div class=\"et_pb_image_5 et_pb_image et_pb_module et_block_module\"><span class=\"et_pb_image_wrap\"><img loading=\"lazy\" decoding=\"async\" src=\"http:\/\/kongresfilozofiipolskiej.pl\/wp-content\/uploads\/2020\/01\/Image-3875.png\" width=\"1082\" height=\"608\" srcset=\"http:\/\/kongresfilozofiipolskiej.pl\/wp-content\/uploads\/2020\/01\/Image-3875.png 1082w, http:\/\/kongresfilozofiipolskiej.pl\/wp-content\/uploads\/2020\/01\/Image-3875-980x551.png 980w, http:\/\/kongresfilozofiipolskiej.pl\/wp-content\/uploads\/2020\/01\/Image-3875-480x270.png 480w\" sizes=\"(min-width: 0px) and (max-width: 480px) 480px, (min-width: 481px) and (max-width: 980px) 980px, (min-width: 981px) 1082px, 100vw\" class=\"wp-image-102\" \/><\/span><\/div>\n\n<div class=\"et_pb_text_15 et_pb_text et_pb_bg_layout_light et_animated et_pb_module et_block_module et_pb_text_align_center\"><div class=\"et_pb_text_inner\"><h3>Logic and the Philosophy of Language<\/h3>\n<p>\u00a0<a href=\"#\">View Details<\/a><\/p>\n<\/div><\/div>\n<\/div>\n<\/div>\n\n<div class=\"et_pb_row_5 et_pb_row et_block_row\">\n<div class=\"et_pb_column_12 et_pb_column et_pb_column_1_3 et_block_column et_pb_css_mix_blend_mode_passthrough\">\n<div class=\"et_pb_image_6 et_pb_image et_pb_module et_block_module\"><span class=\"et_pb_image_wrap\"><img loading=\"lazy\" decoding=\"async\" src=\"http:\/\/kongresfilozofiipolskiej.pl\/wp-content\/uploads\/2020\/01\/Image-3877.png\" width=\"633\" height=\"356\" srcset=\"http:\/\/kongresfilozofiipolskiej.pl\/wp-content\/uploads\/2020\/01\/Image-3877.png 633w, http:\/\/kongresfilozofiipolskiej.pl\/wp-content\/uploads\/2020\/01\/Image-3877-480x270.png 480w\" sizes=\"(min-width: 0px) and (max-width: 480px) 480px, (min-width: 481px) 633px, 100vw\" class=\"wp-image-103\" \/><\/span><\/div>\n\n<div class=\"et_pb_text_16 et_pb_text et_pb_bg_layout_light et_animated et_pb_module et_block_module et_pb_text_align_center\"><div class=\"et_pb_text_inner\"><h3>English-speaking section<\/h3>\n<p>&nbsp;<\/p>\n<p><a href=\"#\">View Details<\/a><\/p>\n<\/div><\/div>\n<\/div>\n\n<div class=\"et_pb_column_13 et_pb_column et_pb_column_1_3 et_block_column et_pb_css_mix_blend_mode_passthrough\">\n<div class=\"et_pb_image_7 et_pb_image et_pb_module et_block_module\"><span class=\"et_pb_image_wrap\"><img loading=\"lazy\" decoding=\"async\" src=\"http:\/\/kongresfilozofiipolskiej.pl\/wp-content\/uploads\/2019\/12\/IMG_20160331_184610-scaled.jpg\" width=\"2560\" height=\"1440\" srcset=\"http:\/\/kongresfilozofiipolskiej.pl\/wp-content\/uploads\/2019\/12\/IMG_20160331_184610-scaled.jpg 2560w, http:\/\/kongresfilozofiipolskiej.pl\/wp-content\/uploads\/2019\/12\/IMG_20160331_184610-1280x720.jpg 1280w, http:\/\/kongresfilozofiipolskiej.pl\/wp-content\/uploads\/2019\/12\/IMG_20160331_184610-980x551.jpg 980w, http:\/\/kongresfilozofiipolskiej.pl\/wp-content\/uploads\/2019\/12\/IMG_20160331_184610-480x270.jpg 480w\" sizes=\"(min-width: 0px) and (max-width: 480px) 480px, (min-width: 481px) and (max-width: 980px) 980px, (min-width: 981px) and (max-width: 1280px) 1280px, (min-width: 1281px) 2560px, 100vw\" class=\"wp-image-52\" \/><\/span><\/div>\n\n<div class=\"et_pb_text_17 et_pb_text et_pb_bg_layout_light et_animated et_pb_module et_block_module et_pb_text_align_center\"><div class=\"et_pb_text_inner\"><h3>History of Polish Philosophy<\/h3>\n<p><span>\u00a0<\/span><\/p>\n<p><a href=\"#\">szczeg\u00f3\u0142y<\/a><\/p>\n<\/div><\/div>\n<\/div>\n\n<div class=\"et_pb_column_14 et_pb_column et_pb_column_1_3 et-last-child et_block_column et_pb_css_mix_blend_mode_passthrough\">\n<div class=\"et_pb_image_8 et_pb_image et_pb_module et_block_module\"><span class=\"et_pb_image_wrap\"><img loading=\"lazy\" decoding=\"async\" src=\"http:\/\/kongresfilozofiipolskiej.pl\/wp-content\/uploads\/2020\/01\/Image-3871.png\" width=\"1093\" height=\"614\" srcset=\"http:\/\/kongresfilozofiipolskiej.pl\/wp-content\/uploads\/2020\/01\/Image-3871.png 1093w, http:\/\/kongresfilozofiipolskiej.pl\/wp-content\/uploads\/2020\/01\/Image-3871-980x551.png 980w, http:\/\/kongresfilozofiipolskiej.pl\/wp-content\/uploads\/2020\/01\/Image-3871-480x270.png 480w\" sizes=\"(min-width: 0px) and (max-width: 480px) 480px, (min-width: 481px) and (max-width: 980px) 980px, (min-width: 981px) 1093px, 100vw\" class=\"wp-image-100\" title=\"Image 3871\" \/><\/span><\/div>\n\n<div class=\"et_pb_text_18 et_pb_text et_pb_bg_layout_light et_animated et_pb_module et_block_module et_pb_text_align_center\"><div class=\"et_pb_text_inner\"><h3>Philosophical Coaching<\/h3>\n<p><span style=\"font-size: 18px;\">\u00a0<\/span><\/p>\n<p><a href=\"#\">View Details<\/a><\/p>\n<\/div><\/div>\n<\/div>\n<\/div>\n<\/div>\n\n<div class=\"et_pb_section_3 et_pb_section et_section_regular et_block_section\">\n<div class=\"et_pb_row_6 et_pb_row et_block_row\">\n<div class=\"et_pb_column_15 et_pb_column et_pb_column_1_2 et_block_column et_pb_css_mix_blend_mode_passthrough\">\n<div class=\"et_pb_text_19 et_pb_text et_pb_bg_layout_light et_animated et_pb_module et_block_module\"><div class=\"et_pb_text_inner\"><h2>Motto<\/h2>\n<\/div><\/div>\n\n<div class=\"et_pb_divider_4 et_pb_divider et_pb_space et_pb_divider_position_center et_animated et_pb_module\"><div class=\"et_pb_divider_internal\"><\/div><\/div>\n\n<div class=\"et_pb_blurb_0 et_pb_blurb et_pb_bg_layout_light et_pb_blurb_position_left et_pb_module et_block_module\"><div class=\"et_pb_blurb_content\"><div class=\"et_pb_main_blurb_image\"><span class=\"et_pb_image_wrap\"><span class=\"et-pb-icon et-waypoint et_pb_animation_top et_pb_animation_top_tablet et_pb_animation_top_phone\">{<\/span><\/span><\/div><div class=\"et_pb_blurb_container\"><\/div><\/div><\/div>\n\n<div class=\"et_pb_testimonial_0 et_pb_testimonial et_pb_icon_off et_pb_testimonial_no_image et_pb_bg_layout_light et_animated et_pb_module et_block_module\"><div class=\"et_pb_testimonial_inner\"><div class=\"et_pb_testimonial_description\"><div class=\"et_pb_testimonial_description_inner\"><div class=\"et_pb_testimonial_content\"><p>Cz\u0142owiek obdarzony rozumem jest zawsze wi\u0119cej wart ni\u017c miliony ludzi posiadaj\u0105cych tylko intelekt; ilekro\u0107 si\u0119 pojawi, jest on dla ludzko\u015bci \u015bwiat\u0142o nios\u0105cym Apollinem.<\/p>\n<\/div><\/div><div class=\"et_pb_testimonial_author\">- Bronis\u0142aw Ferdynand Trentowski<\/div><div class=\"et_pb_testimonial_meta\"><\/div><\/div><\/div><\/div>\n<\/div>\n\n<div class=\"et_pb_column_16 et_pb_column et_pb_column_1_2 et-last-child et_block_column et_pb_column_empty et_pb_css_mix_blend_mode_passthrough\"><\/div>\n<\/div>\n<\/div>\n\n<div class=\"et_pb_section_4 et_pb_section et_section_regular et_block_section\">\n<div class=\"et_pb_row_7 et_pb_row et_block_row\">\n<div class=\"et_pb_column_17 et_pb_column et_pb_column_4_4 et-last-child et_block_column et_pb_css_mix_blend_mode_passthrough\">\n<div class=\"et_pb_text_20 et_pb_text et_pb_bg_layout_dark et_animated et_pb_module et_block_module\"><div class=\"et_pb_text_inner\"><h2>The Organisers<\/h2>\n<\/div><\/div>\n\n<div class=\"et_pb_divider_5 et_pb_divider et_pb_space et_pb_divider_position_center et_animated et_pb_module\"><div class=\"et_pb_divider_internal\"><\/div><\/div>\n<\/div>\n<\/div>\n\n<div class=\"et_pb_row_8 et_pb_row et_pb_row_5col et_block_row et_block_row_5col\">\n<div class=\"et_pb_column_18 et_pb_column et_pb_column_1_5 et_block_column et_pb_css_mix_blend_mode_passthrough\">\n<div class=\"et_pb_team_member_0 et_pb_team_member et_pb_bg_layout_dark et_pb_text_align_center et_animated et_pb_module et_block_module\"><div class=\"et_pb_team_member_image et-waypoint et_pb_animation_off\"><img loading=\"lazy\" decoding=\"async\" src=\"http:\/\/kongresfilozofiipolskiej.pl\/wp-content\/uploads\/2020\/01\/grzegorz1.jpg\" alt=\"Prof. Grzegorz Francuz\" width=\"600\" height=\"600\" srcset=\"http:\/\/kongresfilozofiipolskiej.pl\/wp-content\/uploads\/2020\/01\/grzegorz1.jpg 600w, http:\/\/kongresfilozofiipolskiej.pl\/wp-content\/uploads\/2020\/01\/grzegorz1-480x480.jpg 480w\" sizes=\"(min-width: 0px) and (max-width: 480px) 480px, (min-width: 481px) 600px, 100vw\" class=\"wp-image-71\" \/><\/div><div class=\"et_pb_team_member_description\"><h4 class=\"et_pb_module_header\">Prof. Grzegorz Francuz<\/h4><p class=\"et_pb_member_position\">Professor of Opole University - Chairman<\/p><\/div><\/div>\n<\/div>\n\n<div class=\"et_pb_column_19 et_pb_column et_pb_column_1_5 et_block_column et_pb_css_mix_blend_mode_passthrough\">\n<div class=\"et_pb_team_member_1 et_pb_team_member et_pb_bg_layout_dark et_pb_text_align_center et_animated et_pb_module et_block_module\"><div class=\"et_pb_team_member_image et-waypoint et_pb_animation_off\"><img loading=\"lazy\" decoding=\"async\" src=\"http:\/\/kongresfilozofiipolskiej.pl\/wp-content\/uploads\/2020\/01\/Image-3860.png\" alt=\"Prof. W. Julian Korab-Karpowicz\" width=\"518\" height=\"518\" srcset=\"http:\/\/kongresfilozofiipolskiej.pl\/wp-content\/uploads\/2020\/01\/Image-3860.png 518w, http:\/\/kongresfilozofiipolskiej.pl\/wp-content\/uploads\/2020\/01\/Image-3860-480x480.png 480w\" sizes=\"(min-width: 0px) and (max-width: 480px) 480px, (min-width: 481px) 518px, 100vw\" class=\"wp-image-70\" \/><\/div><div class=\"et_pb_team_member_description\"><h4 class=\"et_pb_module_header\">Prof. W. Julian Korab-Karpowicz<\/h4><p class=\"et_pb_member_position\">Chairman<\/p><\/div><\/div>\n<\/div>\n\n<div class=\"et_pb_column_20 et_pb_column et_pb_column_1_5 et_block_column et_pb_css_mix_blend_mode_passthrough\">\n<div class=\"et_pb_team_member_2 et_pb_team_member et_pb_bg_layout_dark et_pb_text_align_center et_animated et_pb_module et_block_module\"><div class=\"et_pb_team_member_image et-waypoint et_pb_animation_off\"><img loading=\"lazy\" decoding=\"async\" src=\"http:\/\/kongresfilozofiipolskiej.pl\/wp-content\/uploads\/2022\/02\/Zdjecie-Justyna-Stecko-Kongres-2022-1.jpg\" alt=\"Dr. Justyna Stecko\" width=\"485\" height=\"485\" srcset=\"http:\/\/kongresfilozofiipolskiej.pl\/wp-content\/uploads\/2022\/02\/Zdjecie-Justyna-Stecko-Kongres-2022-1.jpg 485w, http:\/\/kongresfilozofiipolskiej.pl\/wp-content\/uploads\/2022\/02\/Zdjecie-Justyna-Stecko-Kongres-2022-1-480x480.jpg 480w\" sizes=\"(min-width: 0px) and (max-width: 480px) 480px, (min-width: 481px) 485px, 100vw\" class=\"wp-image-470\" \/><\/div><div class=\"et_pb_team_member_description\"><h4 class=\"et_pb_module_header\">Dr. Justyna Stecko<\/h4><p class=\"et_pb_member_position\">Vice-Chairman and Spokesperson<\/p><\/div><\/div>\n<\/div>\n\n<div class=\"et_pb_column_21 et_pb_column et_pb_column_1_5 et_block_column et_pb_css_mix_blend_mode_passthrough\">\n<div class=\"et_pb_team_member_3 et_pb_team_member et_pb_bg_layout_dark et_pb_text_align_center et_animated et_pb_module et_block_module\"><div class=\"et_pb_team_member_image et-waypoint et_pb_animation_off\"><img loading=\"lazy\" decoding=\"async\" src=\"http:\/\/kongresfilozofiipolskiej.pl\/wp-content\/uploads\/2020\/01\/Image-3862.png\" alt=\"Dr Piotr Le\u015bniak\" width=\"378\" height=\"378\" srcset=\"http:\/\/kongresfilozofiipolskiej.pl\/wp-content\/uploads\/2020\/01\/Image-3862.png 378w, http:\/\/kongresfilozofiipolskiej.pl\/wp-content\/uploads\/2020\/01\/Image-3862-300x300.png 300w, http:\/\/kongresfilozofiipolskiej.pl\/wp-content\/uploads\/2020\/01\/Image-3862-150x150.png 150w\" sizes=\"(max-width: 378px) 100vw, 378px\" class=\"wp-image-73\" \/><\/div><div class=\"et_pb_team_member_description\"><h4 class=\"et_pb_module_header\">Dr Piotr Le\u015bniak<\/h4><p class=\"et_pb_member_position\">Vice-Chairman, Spokesperson<\/p><\/div><\/div>\n<\/div>\n\n<div class=\"et_pb_column_22 et_pb_column et_pb_column_1_5 et-last-child et_block_column et_pb_css_mix_blend_mode_passthrough\">\n<div class=\"et_pb_team_member_4 et_pb_team_member et_pb_bg_layout_dark et_pb_text_align_center et_animated et_pb_module et_block_module\"><div class=\"et_pb_team_member_image et-waypoint et_pb_animation_off\"><img loading=\"lazy\" decoding=\"async\" src=\"http:\/\/kongresfilozofiipolskiej.pl\/wp-content\/uploads\/2020\/01\/Image-3863.png\" alt=\"Dr Marcin Pietrzak\" width=\"794\" height=\"794\" srcset=\"http:\/\/kongresfilozofiipolskiej.pl\/wp-content\/uploads\/2020\/01\/Image-3863.png 794w, http:\/\/kongresfilozofiipolskiej.pl\/wp-content\/uploads\/2020\/01\/Image-3863-480x480.png 480w\" sizes=\"(min-width: 0px) and (max-width: 480px) 480px, (min-width: 481px) 794px, 100vw\" class=\"wp-image-74\" \/><\/div><div class=\"et_pb_team_member_description\"><h4 class=\"et_pb_module_header\">Dr Marcin Pietrzak<\/h4><p class=\"et_pb_member_position\">Vice-Chairman<\/p><\/div><\/div>\n<\/div>\n<\/div>\n<\/div>\n\n","protected":false},"excerpt":{"rendered":"","protected":false},"author":1,"featured_media":0,"parent":0,"menu_order":0,"comment_status":"closed","ping_status":"closed","template":"","meta":{"footnotes":""},"class_list":["post-110","page","type-page","status-publish","hentry"],"_links":{"self":[{"href":"http:\/\/kongresfilozofiipolskiej.pl\/index.php\/wp-json\/wp\/v2\/pages\/110","targetHints":{"allow":["GET"]}}],"collection":[{"href":"http:\/\/kongresfilozofiipolskiej.pl\/index.php\/wp-json\/wp\/v2\/pages"}],"about":[{"href":"http:\/\/kongresfilozofiipolskiej.pl\/index.php\/wp-json\/wp\/v2\/types\/page"}],"author":[{"embeddable":true,"href":"http:\/\/kongresfilozofiipolskiej.pl\/index.php\/wp-json\/wp\/v2\/users\/1"}],"replies":[{"embeddable":true,"href":"http:\/\/kongresfilozofiipolskiej.pl\/index.php\/wp-json\/wp\/v2\/comments?post=110"}],"version-history":[{"count":39,"href":"http:\/\/kongresfilozofiipolskiej.pl\/index.php\/wp-json\/wp\/v2\/pages\/110\/revisions"}],"predecessor-version":[{"id":653,"href":"http:\/\/kongresfilozofiipolskiej.pl\/index.php\/wp-json\/wp\/v2\/pages\/110\/revisions\/653"}],"wp:attachment":[{"href":"http:\/\/kongresfilozofiipolskiej.pl\/index.php\/wp-json\/wp\/v2\/media?parent=110"}],"curies":[{"name":"wp","href":"https:\/\/api.w.org\/{rel}","templated":true}]}}